
{"id":124704,"date":"2026-04-25T16:46:25","date_gmt":"2026-04-25T14:46:25","guid":{"rendered":"https:\/\/inmosolycasas.com\/?post_type=property&#038;p=124704"},"modified":"2026-04-25T16:55:52","modified_gmt":"2026-04-25T14:55:52","slug":"apartamento-provima-b-benidorm","status":"publish","type":"property","link":"https:\/\/inmosolycasas.com\/es\/property\/apartamento-provima-b-benidorm\/","title":{"rendered":"Apartamento Provima B Benidorm"},"content":{"rendered":"<p>Apartamento Provima B Benidorm<\/p>\n<p>Apartamento con una ubicaci\u00f3n perfecta en la planta 18, de 65 m\u00b2, con 2 dormitorios, 1 ba\u00f1o, cocina independiente y terraza acristalada con vistas panor\u00e1micas al mar Mediterr\u00e1neo, la playa de Poniente y toda la ciudad de Benidorm.<\/p>\n<p>El apartamento Provima B Benidorm se encuentra en una tranquila zona residencial y dispone de aparcamiento comunitario.<\/p>\n<p>Tambi\u00e9n podr\u00e1 disfrutar de la piscina y el jard\u00edn comunitarios, ambos en excelente estado.<\/p>\n<p>La playa de Poniente, de 3 km de longitud, es m\u00e1s larga, ancha y bonita que la playa de Levante. Aqu\u00ed podr\u00e1 dar agradables paseos por la playa o el paseo mar\u00edtimo. Esta zona de Poniente, en Benidorm, es mucho m\u00e1s tranquila en cuanto a bullicio y vida nocturna que la zona de Levante. A pocos pasos se encuentra el casco antiguo, donde se ubican las mejores tiendas y restaurantes, y si camina un poco m\u00e1s, llegar\u00e1 a la playa de Levante.<\/p>\n<p>Si le interesa seriamente este \u00abApartamento Provima B Benidorm\u00bb y le gustar\u00eda visitarlo, no dude en ponerse en contacto con nosotros y podremos concertar una visita para que pueda verlo con sus propios ojos.<\/p>\n<p>El precio con nosotros nunca ser\u00e1 mayor por el mismo objeto que el de nuestros colegas. Lo que puede ser diferente, sin embargo, es la liquidaci\u00f3n de la venta y la asistencia antes y despu\u00e9s de obtener los papeles y permisos correctos, etc.<\/p>\n<p><em>Nuestra especialidad es nuestro m\u00e9todo de trabajo. Queremos guiarte de la A a la Z con el proceso de compra, y solo estamos listos cuando est\u00e9s 100% satisfecho. Antes de que pueda proceder a la compra, primero se deben organizar muchos asuntos perif\u00e9ricos. Tampoco termina con nosotros despu\u00e9s de firmar con el notario, pero somos y seguimos siendo su punto de contacto para futuras preguntas. Por favor, lea tambi\u00e9n la informaci\u00f3n\u00a0<a href=\"https:\/\/inmosolycasas.com\/es\/obre-agencia-inmobiliaria-costa-blanca\/\" target=\"_blank\" rel=\"noopener\">sobre nosotros<\/a>\u00a0\u00a0o uno de nuestros\u00a0<a href=\"https:\/\/inmosolycasas.com\/es\/blog\/\" target=\"_blank\" rel=\"noopener\">blogs<\/a>\u00a0sobre la compra de una casa.<\/em><\/p>\n<p>Wikipedia:\u00a0<b>Benidorm<\/b>\u00a0es una ciudad y municipio\u00a0<a title=\"Espa\u00f1a\" href=\"https:\/\/es.wikipedia.org\/wiki\/Espa%C3%B1a\" target=\"_blank\" rel=\"noopener\">espa\u00f1ol<\/a>\u00a0de la\u00a0<a title=\"Provincia de Alicante\" href=\"https:\/\/es.wikipedia.org\/wiki\/Provincia_de_Alicante\" target=\"_blank\" rel=\"noopener\">provincia de Alicante<\/a>, en la\u00a0<a title=\"Comunidad Valenciana\" href=\"https:\/\/es.wikipedia.org\/wiki\/Comunidad_Valenciana\" target=\"_blank\" rel=\"noopener\">Comunidad Valenciana<\/a>. Est\u00e1 situada a orillas del\u00a0<a title=\"Mar Mediterr\u00e1neo\" href=\"https:\/\/es.wikipedia.org\/wiki\/Mar_Mediterr%C3%A1neo\" target=\"_blank\" rel=\"noopener\">mar Mediterr\u00e1neo<\/a>, en la\u00a0<a title=\"Comarca\" href=\"https:\/\/es.wikipedia.org\/wiki\/Comarca\" target=\"_blank\" rel=\"noopener\">comarca<\/a>\u00a0de la\u00a0<a title=\"Marina Baja\" href=\"https:\/\/es.wikipedia.org\/wiki\/Marina_Baja\" target=\"_blank\" rel=\"noopener\">Marina Baja<\/a>, de la que es su municipio m\u00e1s denso y poblado con una densidad de 1792\u00a0hab\/km\u00b2 y 70\u00a0450 habitantes en 2020 seg\u00fan el\u00a0<a class=\"mw-redirect\" title=\"Instituto Nacional de Estad\u00edstica de Espa\u00f1a\" href=\"https:\/\/es.wikipedia.org\/wiki\/Instituto_Nacional_de_Estad%C3%ADstica_de_Espa%C3%B1a\" target=\"_blank\" rel=\"noopener\">INE<\/a>.<sup id=\"cite_ref-3\" class=\"reference separada\"><\/sup>Es la capital tur\u00edstica de la\u00a0<a title=\"Comunidad Valenciana\" href=\"https:\/\/es.wikipedia.org\/wiki\/Comunidad_Valenciana\" target=\"_blank\" rel=\"noopener\">Comunidad Valenciana<\/a>.<sup id=\"cite_ref-d25f4ffe_4-0\" class=\"reference separada\"><\/sup>\u200b<\/p>\n<p>Conocida como la \u00ab<a title=\"Nueva York\" href=\"https:\/\/es.wikipedia.org\/wiki\/Nueva_York\" target=\"_blank\" rel=\"noopener\">Nueva York<\/a>\u00a0del\u00a0<a class=\"mw-redirect\" title=\"Mediterr\u00e1neo\" href=\"https:\/\/es.wikipedia.org\/wiki\/Mediterr%C3%A1neo\" target=\"_blank\" rel=\"noopener\">Mediterr\u00e1neo<\/a>\u00bb,<sup id=\"cite_ref-5\" class=\"reference separada\"><\/sup>\u00a0Benidorm es la ciudad con m\u00e1s rascacielos de\u00a0<a title=\"Espa\u00f1a\" href=\"https:\/\/es.wikipedia.org\/wiki\/Espa%C3%B1a\" target=\"_blank\" rel=\"noopener\">Espa\u00f1a<\/a>,\u00a0<sup id=\"cite_ref-6\" class=\"reference separada\"><\/sup>la ciudad con m\u00e1s rascacielos por habitante del mundo\u00a0<sup id=\"cite_ref-7\" class=\"reference separada\"><\/sup>y la segunda ciudad con m\u00e1s rascacielos por metro cuadrado del mundo, solo detr\u00e1s de\u00a0<a title=\"Nueva York\" href=\"https:\/\/es.wikipedia.org\/wiki\/Nueva_York\" target=\"_blank\" rel=\"noopener\">Nueva York<\/a>.<sup id=\"cite_ref-8\" class=\"reference separada\"><\/sup>\u200b<\/p>\n<p>Se trata de uno de los destinos tur\u00edsticos m\u00e1s importantes y conocidos de\u00a0<a title=\"Espa\u00f1a\" href=\"https:\/\/es.wikipedia.org\/wiki\/Espa%C3%B1a\" target=\"_blank\" rel=\"noopener\">Espa\u00f1a<\/a>\u00a0y de todo el\u00a0<a title=\"Mar Mediterr\u00e1neo\" href=\"https:\/\/es.wikipedia.org\/wiki\/Mar_Mediterr%C3%A1neo\" target=\"_blank\" rel=\"noopener\">Mediterr\u00e1neo<\/a>\u00a0gracias a sus playas y su vida nocturna, llegando a alcanzar los 400\u00a0000 habitantes en verano. No en vano, Benidorm es la tercera ciudad con m\u00e1s plazas hoteleras de Espa\u00f1a tras\u00a0<a title=\"Madrid\" href=\"https:\/\/es.wikipedia.org\/wiki\/Madrid\" target=\"_blank\" rel=\"noopener\">Madrid<\/a>\u00a0y\u00a0<a title=\"Barcelona\" href=\"https:\/\/es.wikipedia.org\/wiki\/Barcelona\" target=\"_blank\" rel=\"noopener\">Barcelona<\/a>.\u200b Benidorm es la primera ciudad espa\u00f1ola en recibir el certificado de Destino Tur\u00edstico Inteligente,<sup id=\"cite_ref-9\" class=\"reference separada\"><a href=\"https:\/\/es.wikipedia.org\/wiki\/Benidorm#cite_note-9\">9<\/a><\/sup>\u200b otorgado por el Instituto para la Calidad Tur\u00edstica de Espa\u00f1a (ICTE) gracias a la innovaci\u00f3n, accesibilidad, transformaci\u00f3n digital y su modelo vertical que permite un mejor aprovechamiento de los recursos.<\/p>\n<p>Tanto en verano como en invierno el clima en Benidorm es agradable, si no c\u00e1lido. Debido a las monta\u00f1as detr\u00e1s de la ciudad, el mal tiempo a menudo no llega a Benidorm. Benidorm es una de las zonas de playa m\u00e1s secas de\u00a0<a href=\"https:\/\/nl.wikipedia.org\/wiki\/Europa_(werelddeel)\" target=\"_blank\" rel=\"noopener\">Europa<\/a><\/p>\n<p><img loading=\"lazy\" class=\"alignnone wp-image-92402 size-large\" src=\"https:\/\/inmosolycasas.com\/wp-content\/uploads\/2023\/02\/Alicante-Playa-de-levante-1-1024x280.jpeg\" alt=\"Route Alicante-Playa de levante\" width=\"1024\" height=\"280\" srcset=\"https:\/\/inmosolycasas.com\/wp-content\/uploads\/2023\/02\/Alicante-Playa-de-levante-1-1024x280.jpeg 1024w, https:\/\/inmosolycasas.com\/wp-content\/uploads\/2023\/02\/Alicante-Playa-de-levante-1-300x82.jpeg 300w, https:\/\/inmosolycasas.com\/wp-content\/uploads\/2023\/02\/Alicante-Playa-de-levante-1-768x210.jpeg 768w, https:\/\/inmosolycasas.com\/wp-content\/uploads\/2023\/02\/Alicante-Playa-de-levante-1-1536x420.jpeg 1536w, https:\/\/inmosolycasas.com\/wp-content\/uploads\/2023\/02\/Alicante-Playa-de-levante-1-2048x560.jpeg 2048w, https:\/\/inmosolycasas.com\/wp-content\/uploads\/2023\/02\/Alicante-Playa-de-levante-1-496x136.jpeg 496w\" sizes=\"(max-width: 1024px) 100vw, 1024px\" \/><\/p>\n","protected":false},"excerpt":{"rendered":"<p>Apartamento Provima B Benidorm Apartamento con una ubicaci\u00f3n perfecta en la planta 18, de 65 m\u00b2, con 2 dormitorios, 1 ba\u00f1o, cocina independiente y terraza acristalada con vistas panor\u00e1micas al mar Mediterr\u00e1neo, la playa de Poniente y toda la ciudad de Benidorm. El apartamento Provima B Benidorm se encuentra en una tranquila zona residencial y [&hellip;]<\/p>\n","protected":false},"author":3,"featured_media":124686,"parent":0,"menu_order":0,"template":"","property_type":[204],"property_status":[496],"property_feature":[449,412,461,436,409,450,459,906,460,1000,957,1019,1047,1074,1130,746,408,713,769,707,457,423,912,405,406,404],"property_label":[811],"property_state":[830],"property_city":[1141],"property_area":[1145],"property_meta":{"houzez_geolocation_lat":["38.625642626928"],"houzez_geolocation_long":["-0.024312697533299"],"houzez_total_property_views":["12"],"houzez_views_by_date":["a:2:{s:10:\"04-25-2026\";i:8;s:10:\"04-26-2026\";i:4;}"],"houzez_recently_viewed":["2026-04-26 17:35:28"],"_wpml_word_count":["{\"total\":637,\"to_translate\":{\"en\":637,\"es\":637}}"],"_wpml_media_featured":["1"],"_wpml_media_duplicate":["1"],"_yoast_wpseo_estimated-reading-time-minutes":["4"],"fave_property_price":["524000"],"fave_property_size":["65"],"fave_property_bedrooms":["2"],"fave_property_bathrooms":["1"],"fave_property_garage":["1"],"fave_property_id":["VAPM2044"],"fave_property_map":["1"],"fave_property_location":["38.625642626928,-0.024312697533299,15"],"fave_property_map_street_view":["hide"],"_yoast_wpseo_primary_property_type":["161"],"_yoast_wpseo_primary_property_status":["121"],"_yoast_wpseo_primary_property_label":["507"],"_yoast_wpseo_primary_property_state":["51"],"_yoast_wpseo_primary_property_city":["515"],"_yoast_wpseo_primary_property_area":["813"],"_yoast_wpseo_focuskw":["Apartamento Provima B Benidorm"],"_yoast_wpseo_metadesc":["Apartamento Provima B Benidorm piso 18, 65 m\u00b2, 2 dormitorios, 1 ba\u00f1o, cocina, terraza acristalada, vistas panor\u00e1micas al mar."],"_yoast_wpseo_linkdex":["82"],"_yoast_wpseo_content_score":["30"],"_yoast_wpseo_primary_property_feature":["54"],"_monsterinsights_sitenote_active":["0"],"_edit_lock":["1777128820:3"],"_edit_last":["3"],"fave_property_images":["124686","124533","124536","124539","124542","124545","124548","124551","124554","124557","124560","124563","124566","124569","124572","124575","124578","124581","124584","124587","124590","124593","124596","124599","124602","124605","124608","124611","124614","124617","124620","124623","124626","124629","124632","124635","124638","124641","124644","124647","124650"],"fave_featured":["1"],"_last_translation_edit_mode":["native-editor"],"_thumbnail_id":["124686"]},"yoast_head":"<!-- This site is optimized with the Yoast SEO plugin v18.6 - https:\/\/yoast.com\/wordpress\/plugins\/seo\/ -->\n<title>Apartamento Provima B Benidorm - Inmo Sol y Casas<\/title>\n<meta name=\"description\" content=\"Apartamento Provima B Benidorm piso 18, 65 m\u00b2, 2 dormitorios, 1 ba\u00f1o, cocina, terraza acristalada, vistas panor\u00e1micas al mar.\" \/>\n<meta name=\"robots\" content=\"index, follow, max-snippet:-1, max-image-preview:large, max-video-preview:-1\" \/>\n<link rel=\"canonical\" href=\"https:\/\/inmosolycasas.com\/es\/property\/apartamento-provima-b-benidorm\/\" \/>\n<meta property=\"og:locale\" content=\"es_ES\" \/>\n<meta property=\"og:type\" content=\"article\" \/>\n<meta property=\"og:title\" content=\"Apartamento Provima B Benidorm - Inmo Sol y Casas\" \/>\n<meta property=\"og:description\" content=\"Apartamento Provima B Benidorm piso 18, 65 m\u00b2, 2 dormitorios, 1 ba\u00f1o, cocina, terraza acristalada, vistas panor\u00e1micas al mar.\" \/>\n<meta property=\"og:url\" content=\"https:\/\/inmosolycasas.com\/es\/property\/apartamento-provima-b-benidorm\/\" \/>\n<meta property=\"og:site_name\" content=\"Inmo Sol y Casas\" \/>\n<meta property=\"article:modified_time\" content=\"2026-04-25T14:55:52+00:00\" \/>\n<meta property=\"og:image\" content=\"https:\/\/inmosolycasas.com\/wp-content\/uploads\/2026\/04\/Schermafbeelding-2026-04-25-162007-2.jpg\" \/>\n\t<meta property=\"og:image:width\" content=\"978\" \/>\n\t<meta property=\"og:image:height\" content=\"738\" \/>\n\t<meta property=\"og:image:type\" content=\"image\/jpeg\" \/>\n<meta name=\"twitter:card\" content=\"summary_large_image\" \/>\n<meta name=\"twitter:label1\" content=\"Tiempo de lectura\" \/>\n\t<meta name=\"twitter:data1\" content=\"4 minutos\" \/>\n<script type=\"application\/ld+json\" class=\"yoast-schema-graph\">{\"@context\":\"https:\/\/schema.org\",\"@graph\":[{\"@type\":\"Organization\",\"@id\":\"https:\/\/inmosolycasas.com\/#organization\",\"name\":\"Casa Galera\",\"url\":\"https:\/\/inmosolycasas.com\/\",\"sameAs\":[],\"logo\":{\"@type\":\"ImageObject\",\"@id\":\"https:\/\/inmosolycasas.com\/#logo\",\"inLanguage\":\"es\",\"url\":\"https:\/\/inmosolycasas.com\/wp-content\/uploads\/2021\/04\/logo.png\",\"contentUrl\":\"https:\/\/inmosolycasas.com\/wp-content\/uploads\/2021\/04\/logo.png\",\"width\":250,\"height\":83,\"caption\":\"Casa Galera\"},\"image\":{\"@id\":\"https:\/\/inmosolycasas.com\/#logo\"}},{\"@type\":\"WebSite\",\"@id\":\"https:\/\/inmosolycasas.com\/#website\",\"url\":\"https:\/\/inmosolycasas.com\/\",\"name\":\"Inmo Sol y Casas\",\"description\":\"\",\"publisher\":{\"@id\":\"https:\/\/inmosolycasas.com\/#organization\"},\"potentialAction\":[{\"@type\":\"SearchAction\",\"target\":{\"@type\":\"EntryPoint\",\"urlTemplate\":\"https:\/\/inmosolycasas.com\/?s={search_term_string}\"},\"query-input\":\"required name=search_term_string\"}],\"inLanguage\":\"es\"},{\"@type\":\"ImageObject\",\"@id\":\"https:\/\/inmosolycasas.com\/es\/property\/apartamento-provima-b-benidorm\/#primaryimage\",\"inLanguage\":\"es\",\"url\":\"https:\/\/inmosolycasas.com\/wp-content\/uploads\/2026\/04\/Schermafbeelding-2026-04-25-162007-2.jpg\",\"contentUrl\":\"https:\/\/inmosolycasas.com\/wp-content\/uploads\/2026\/04\/Schermafbeelding-2026-04-25-162007-2.jpg\",\"width\":978,\"height\":738,\"caption\":\"Apartamento Provima B Benidorm\"},{\"@type\":\"WebPage\",\"@id\":\"https:\/\/inmosolycasas.com\/es\/property\/apartamento-provima-b-benidorm\/#webpage\",\"url\":\"https:\/\/inmosolycasas.com\/es\/property\/apartamento-provima-b-benidorm\/\",\"name\":\"Apartamento Provima B Benidorm - Inmo Sol y Casas\",\"isPartOf\":{\"@id\":\"https:\/\/inmosolycasas.com\/#website\"},\"primaryImageOfPage\":{\"@id\":\"https:\/\/inmosolycasas.com\/es\/property\/apartamento-provima-b-benidorm\/#primaryimage\"},\"datePublished\":\"2026-04-25T14:46:25+00:00\",\"dateModified\":\"2026-04-25T14:55:52+00:00\",\"description\":\"Apartamento Provima B Benidorm piso 18, 65 m\u00b2, 2 dormitorios, 1 ba\u00f1o, cocina, terraza acristalada, vistas panor\u00e1micas al mar.\",\"breadcrumb\":{\"@id\":\"https:\/\/inmosolycasas.com\/es\/property\/apartamento-provima-b-benidorm\/#breadcrumb\"},\"inLanguage\":\"es\",\"potentialAction\":[{\"@type\":\"ReadAction\",\"target\":[\"https:\/\/inmosolycasas.com\/es\/property\/apartamento-provima-b-benidorm\/\"]}]},{\"@type\":\"BreadcrumbList\",\"@id\":\"https:\/\/inmosolycasas.com\/es\/property\/apartamento-provima-b-benidorm\/#breadcrumb\",\"itemListElement\":[{\"@type\":\"ListItem\",\"position\":1,\"name\":\"Home\",\"item\":\"https:\/\/inmosolycasas.com\/es\/\"},{\"@type\":\"ListItem\",\"position\":2,\"name\":\"eigenschappen\",\"item\":\"https:\/\/inmosolycasas.com\/property\/\"},{\"@type\":\"ListItem\",\"position\":3,\"name\":\"Apartamento Provima B Benidorm\"}]}]}<\/script>\n<!-- \/ Yoast SEO plugin. -->","yoast_head_json":{"title":"Apartamento Provima B Benidorm - Inmo Sol y Casas","description":"Apartamento Provima B Benidorm piso 18, 65 m\u00b2, 2 dormitorios, 1 ba\u00f1o, cocina, terraza acristalada, vistas panor\u00e1micas al mar.","robots":{"index":"index","follow":"follow","max-snippet":"max-snippet:-1","max-image-preview":"max-image-preview:large","max-video-preview":"max-video-preview:-1"},"canonical":"https:\/\/inmosolycasas.com\/es\/property\/apartamento-provima-b-benidorm\/","og_locale":"es_ES","og_type":"article","og_title":"Apartamento Provima B Benidorm - Inmo Sol y Casas","og_description":"Apartamento Provima B Benidorm piso 18, 65 m\u00b2, 2 dormitorios, 1 ba\u00f1o, cocina, terraza acristalada, vistas panor\u00e1micas al mar.","og_url":"https:\/\/inmosolycasas.com\/es\/property\/apartamento-provima-b-benidorm\/","og_site_name":"Inmo Sol y Casas","article_modified_time":"2026-04-25T14:55:52+00:00","og_image":[{"width":978,"height":738,"url":"https:\/\/inmosolycasas.com\/wp-content\/uploads\/2026\/04\/Schermafbeelding-2026-04-25-162007-2.jpg","type":"image\/jpeg"}],"twitter_card":"summary_large_image","twitter_misc":{"Tiempo de lectura":"4 minutos"},"schema":{"@context":"https:\/\/schema.org","@graph":[{"@type":"Organization","@id":"https:\/\/inmosolycasas.com\/#organization","name":"Casa Galera","url":"https:\/\/inmosolycasas.com\/","sameAs":[],"logo":{"@type":"ImageObject","@id":"https:\/\/inmosolycasas.com\/#logo","inLanguage":"es","url":"https:\/\/inmosolycasas.com\/wp-content\/uploads\/2021\/04\/logo.png","contentUrl":"https:\/\/inmosolycasas.com\/wp-content\/uploads\/2021\/04\/logo.png","width":250,"height":83,"caption":"Casa Galera"},"image":{"@id":"https:\/\/inmosolycasas.com\/#logo"}},{"@type":"WebSite","@id":"https:\/\/inmosolycasas.com\/#website","url":"https:\/\/inmosolycasas.com\/","name":"Inmo Sol y Casas","description":"","publisher":{"@id":"https:\/\/inmosolycasas.com\/#organization"},"potentialAction":[{"@type":"SearchAction","target":{"@type":"EntryPoint","urlTemplate":"https:\/\/inmosolycasas.com\/?s={search_term_string}"},"query-input":"required name=search_term_string"}],"inLanguage":"es"},{"@type":"ImageObject","@id":"https:\/\/inmosolycasas.com\/es\/property\/apartamento-provima-b-benidorm\/#primaryimage","inLanguage":"es","url":"https:\/\/inmosolycasas.com\/wp-content\/uploads\/2026\/04\/Schermafbeelding-2026-04-25-162007-2.jpg","contentUrl":"https:\/\/inmosolycasas.com\/wp-content\/uploads\/2026\/04\/Schermafbeelding-2026-04-25-162007-2.jpg","width":978,"height":738,"caption":"Apartamento Provima B Benidorm"},{"@type":"WebPage","@id":"https:\/\/inmosolycasas.com\/es\/property\/apartamento-provima-b-benidorm\/#webpage","url":"https:\/\/inmosolycasas.com\/es\/property\/apartamento-provima-b-benidorm\/","name":"Apartamento Provima B Benidorm - Inmo Sol y Casas","isPartOf":{"@id":"https:\/\/inmosolycasas.com\/#website"},"primaryImageOfPage":{"@id":"https:\/\/inmosolycasas.com\/es\/property\/apartamento-provima-b-benidorm\/#primaryimage"},"datePublished":"2026-04-25T14:46:25+00:00","dateModified":"2026-04-25T14:55:52+00:00","description":"Apartamento Provima B Benidorm piso 18, 65 m\u00b2, 2 dormitorios, 1 ba\u00f1o, cocina, terraza acristalada, vistas panor\u00e1micas al mar.","breadcrumb":{"@id":"https:\/\/inmosolycasas.com\/es\/property\/apartamento-provima-b-benidorm\/#breadcrumb"},"inLanguage":"es","potentialAction":[{"@type":"ReadAction","target":["https:\/\/inmosolycasas.com\/es\/property\/apartamento-provima-b-benidorm\/"]}]},{"@type":"BreadcrumbList","@id":"https:\/\/inmosolycasas.com\/es\/property\/apartamento-provima-b-benidorm\/#breadcrumb","itemListElement":[{"@type":"ListItem","position":1,"name":"Home","item":"https:\/\/inmosolycasas.com\/es\/"},{"@type":"ListItem","position":2,"name":"eigenschappen","item":"https:\/\/inmosolycasas.com\/property\/"},{"@type":"ListItem","position":3,"name":"Apartamento Provima B Benidorm"}]}]}},"_links":{"self":[{"href":"https:\/\/inmosolycasas.com\/es\/wp-json\/wp\/v2\/properties\/124704"}],"collection":[{"href":"https:\/\/inmosolycasas.com\/es\/wp-json\/wp\/v2\/properties"}],"about":[{"href":"https:\/\/inmosolycasas.com\/es\/wp-json\/wp\/v2\/types\/property"}],"author":[{"embeddable":true,"href":"https:\/\/inmosolycasas.com\/es\/wp-json\/wp\/v2\/users\/3"}],"version-history":[{"count":5,"href":"https:\/\/inmosolycasas.com\/es\/wp-json\/wp\/v2\/properties\/124704\/revisions"}],"predecessor-version":[{"id":124714,"href":"https:\/\/inmosolycasas.com\/es\/wp-json\/wp\/v2\/properties\/124704\/revisions\/124714"}],"wp:featuredmedia":[{"embeddable":true,"href":"https:\/\/inmosolycasas.com\/es\/wp-json\/wp\/v2\/media\/124686"}],"wp:attachment":[{"href":"https:\/\/inmosolycasas.com\/es\/wp-json\/wp\/v2\/media?parent=124704"}],"wp:term":[{"taxonomy":"property_type","embeddable":true,"href":"https:\/\/inmosolycasas.com\/es\/wp-json\/wp\/v2\/property_type?post=124704"},{"taxonomy":"property_status","embeddable":true,"href":"https:\/\/inmosolycasas.com\/es\/wp-json\/wp\/v2\/property_status?post=124704"},{"taxonomy":"property_feature","embeddable":true,"href":"https:\/\/inmosolycasas.com\/es\/wp-json\/wp\/v2\/property_feature?post=124704"},{"taxonomy":"property_label","embeddable":true,"href":"https:\/\/inmosolycasas.com\/es\/wp-json\/wp\/v2\/property_label?post=124704"},{"taxonomy":"property_state","embeddable":true,"href":"https:\/\/inmosolycasas.com\/es\/wp-json\/wp\/v2\/property_state?post=124704"},{"taxonomy":"property_city","embeddable":true,"href":"https:\/\/inmosolycasas.com\/es\/wp-json\/wp\/v2\/property_city?post=124704"},{"taxonomy":"property_area","embeddable":true,"href":"https:\/\/inmosolycasas.com\/es\/wp-json\/wp\/v2\/property_area?post=124704"}],"curies":[{"name":"wp","href":"https:\/\/api.w.org\/{rel}","templated":true}]}}