
{"id":126032,"date":"2026-05-01T11:14:45","date_gmt":"2026-05-01T09:14:45","guid":{"rendered":"https:\/\/inmosolycasas.com\/?post_type=property&#038;p=126032"},"modified":"2026-05-01T11:21:15","modified_gmt":"2026-05-01T09:21:15","slug":"atico-sierra-cortina-los-altos","status":"publish","type":"property","link":"https:\/\/inmosolycasas.com\/es\/property\/atico-sierra-cortina-los-altos\/","title":{"rendered":"\u00c1tico Sierra Cortina Los Altos"},"content":{"rendered":"<p>\u00c1tico Sierra Cortina Los Altos<\/p>\n<p>Precioso \u00e1tico en venta en Finestrat, Sierra Cortina Los Altos. Ubicado en la urbanizaci\u00f3n m\u00e1s lujosa de la zona, con incre\u00edbles vistas al mar. Esta urbanizaci\u00f3n privada cuenta con hermosos jardines y piscinas. El complejo residencial Sierra Cortina Los Altos dispone de seguridad 24 horas, un centro deportivo de uso exclusivo para sus residentes y el famoso restaurante Rice, con sus preciosos jardines, donde podr\u00e1 disfrutar de un c\u00f3ctel y una vista espectacular.<\/p>\n<p>Este espacioso \u00e1tico mide 114,91 m\u00b2, m\u00e1s una terraza cubierta de 21,79 m\u00b2 y una terraza descubierta de 43,06 m\u00b2, para una superficie \u00fatil total de 149,2 m\u00b2 (incluidas las terrazas).<\/p>\n<p>Cuenta con 3 dormitorios con armarios empotrados, un amplio sal\u00f3n, una cocina totalmente equipada, una galer\u00eda y 2 ba\u00f1os. Desde el sal\u00f3n y el dormitorio principal se accede a la preciosa terraza, donde podr\u00e1 cenar al aire libre y disfrutar de impresionantes vistas al mar y a la monta\u00f1a. El apartamento cuenta con un jard\u00edn de 100 m\u00b2, aire acondicionado fr\u00edo\/calor y est\u00e1 listo para entrar a vivir.<\/p>\n<p>El precio incluye una plaza de aparcamiento subterr\u00e1neo y un amplio trastero.<\/p>\n<p>Muy cerca del apartamento se encuentran varios campos de golf, parques tem\u00e1ticos y el centro comercial La Marina. La preciosa playa de Poniente est\u00e1 a tan solo 5 minutos en coche.<\/p>\n<p>El \u00e1tico \u00abSierra Cortina Los Altos en venta\u00bb est\u00e1 listo para que lo habites, lo alquiles o una combinaci\u00f3n de ambos. Tambi\u00e9n es ideal para alquilar. Si no quieres gestionar el alquiler t\u00fa mismo, puedes dejarlo en nuestras manos, ya que gestionamos el alquiler de varios apartamentos en Benidorm.<\/p>\n<p>Si est\u00e1s realmente interesado en este \u00e1tico \u00abSierra Cortina Los Altos\u00bb, estaremos encantados de que te pongas en contacto con nosotros. Podr\u00e1s concertar una visita.<\/p>\n<p><em>El precio con nosotros por el mismo objeto nunca ser\u00e1 m\u00e1s que el de nuestros colegas. Lo que puede ser diferente es la liquidaci\u00f3n de la venta y ayudar por adelantado y luego en la obtenci\u00f3n de los documentos y permisos correctos, etc.<\/em><\/p>\n<p><em>Nuestra especialidad es nuestro m\u00e9todo de trabajo. Queremos guiarte de la A a la Z con el proceso de compra, y solo estamos listos cuando est\u00e9s 100% satisfecho. Antes de que pueda proceder a la compra, primero se deben organizar muchos asuntos perif\u00e9ricos. Tampoco termina con nosotros despu\u00e9s de firmar con el notario, pero somos y seguimos siendo su punto de contacto para futuras preguntas. Por favor, lea tambi\u00e9n la informaci\u00f3n\u00a0<a href=\"https:\/\/inmosolycasas.com\/es\/obre-agencia-inmobiliaria-costa-blanca\/\" target=\"_blank\" rel=\"noopener\">sobre nosotros<\/a>\u00a0\u00a0o uno de nuestros\u00a0<a href=\"https:\/\/inmosolycasas.com\/es\/blog\/\" target=\"_blank\" rel=\"noopener\">blogs<\/a>\u00a0sobre la compra de una casa.<\/em><\/p>\n<p>Wikipedia:<b>\u00a0Finestrat\u00a0es un\u00a0<a title=\"Municipio\" href=\"https:\/\/es.wikipedia.org\/wiki\/Municipio\" target=\"_blank\" rel=\"noopener\">municipio<\/a>\u00a0de la\u00a0<a title=\"Comunidad Valenciana\" href=\"https:\/\/es.wikipedia.org\/wiki\/Comunidad_Valenciana\" target=\"_blank\" rel=\"noopener\">Comunidad Valenciana<\/a>,\u00a0<a title=\"Espa\u00f1a\" href=\"https:\/\/es.wikipedia.org\/wiki\/Espa%C3%B1a\" target=\"_blank\" rel=\"noopener\">Espa\u00f1a<\/a>. Situado en la\u00a0<a title=\"Provincia de Alicante\" href=\"https:\/\/es.wikipedia.org\/wiki\/Provincia_de_Alicante\" target=\"_blank\" rel=\"noopener\">provincia de Alicante<\/a>, en la comarca de la\u00a0<a title=\"Marina Baja\" href=\"https:\/\/es.wikipedia.org\/wiki\/Marina_Baja\" target=\"_blank\" rel=\"noopener\">Marina Baja<\/a>, forma una conurbaci\u00f3n con\u00a0<a title=\"Benidorm\" href=\"https:\/\/es.wikipedia.org\/wiki\/Benidorm\" target=\"_blank\" rel=\"noopener\">Benidorm<\/a>. Cuenta con 6381 habitantes (<a title=\"Instituto Nacional de Estad\u00edstica (Espa\u00f1a)\" href=\"https:\/\/es.wikipedia.org\/wiki\/Instituto_Nacional_de_Estad%C3%ADstica_(Espa%C3%B1a)\" target=\"_blank\" rel=\"noopener\">INE<\/a>\u00a02018).<\/b><\/p>\n<p>inestrat se encuentra a s\u00f3lo 8 minutos de\u00a0<a title=\"Benidorm\" href=\"https:\/\/es.wikipedia.org\/wiki\/Benidorm\" target=\"_blank\" rel=\"noopener\">Benidorm<\/a>\u00a0y a 50 kil\u00f3metros del\u00a0<a class=\"mw-redirect\" title=\"Aeropuerto de Alicante-Elche\" href=\"https:\/\/es.wikipedia.org\/wiki\/Aeropuerto_de_Alicante-Elche\" target=\"_blank\" rel=\"noopener\">aeropuerto de Alicante-Elche<\/a>. Por carretera se accede a trav\u00e9s de la autopista\u00a0<a class=\"mw-redirect\" title=\"AP-7\" href=\"https:\/\/es.wikipedia.org\/wiki\/AP-7\" target=\"_blank\" rel=\"noopener\">AP-7<\/a>, por las salidas 65-A. Desde all\u00ed, una carretera local en buen estado, conecta con la localidad en pocos minutos. Tambi\u00e9n se puede acceder directamente desde la nacional\u00a0<a title=\"N-332\" href=\"https:\/\/es.wikipedia.org\/wiki\/N-332\" target=\"_blank\" rel=\"noopener\">N-332<\/a>.<\/p>\n<p>Aunque el casco hist\u00f3rico se encuentra en el interior, el t\u00e9rmino municipal cuenta con unos 267 metros de costa, desde la Punta del Tossal a la desembocadura del Barranco de la Cachola, en la cual se encuentra la llamada\u00a0<a class=\"mw-redirect\" title=\"Cala de Finestrat\" href=\"https:\/\/es.wikipedia.org\/wiki\/Cala_de_Finestrat\" target=\"_blank\" rel=\"noopener\">Cala de Finestrat<\/a>; se trata de uno de los municipios de Espa\u00f1a con una salida al mar m\u00e1s peque\u00f1a. Esta playa de la Cala de Finestrat limita con los t\u00e9rminos municipales de\u00a0<a title=\"Villajoyosa\" href=\"https:\/\/es.wikipedia.org\/wiki\/Villajoyosa\" target=\"_blank\" rel=\"noopener\">Villajoyosa<\/a>, al suroeste, y de\u00a0<a title=\"Benidorm\" href=\"https:\/\/es.wikipedia.org\/wiki\/Benidorm\" target=\"_blank\" rel=\"noopener\">Benidorm<\/a>, al noreste.<\/p>\n<p>En su t\u00e9rmino municipal se encuentra la m\u00edtica monta\u00f1a del\u00a0<a title=\"Puig Campana\" href=\"https:\/\/es.wikipedia.org\/wiki\/Puig_Campana\" target=\"_blank\" rel=\"noopener\">Puig Campana<\/a>, cuya cima alcanza los 1410\u00a0<a class=\"mw-redirect\" title=\"Msnm\" href=\"https:\/\/es.wikipedia.org\/wiki\/Msnm\" target=\"_blank\" rel=\"noopener\">msnm<\/a>. El parque tem\u00e1tico de\u00a0<a title=\"Terra M\u00edtica\" href=\"https:\/\/es.wikipedia.org\/wiki\/Terra_M%C3%ADtica\" target=\"_blank\" rel=\"noopener\">Terra M\u00edtica<\/a>\u00a0ocupa tambi\u00e9n parte de los 42,25\u00a0km\u00b2 del municipio.<\/p>\n<p><img loading=\"lazy\" class=\"alignnone wp-image-83932 size-large\" src=\"https:\/\/inmosolycasas.com\/wp-content\/uploads\/2022\/10\/Alicante-Finestrat-2-1024x290.jpeg\" alt=\"Route Alicante-Finestrat\" width=\"1024\" height=\"290\" srcset=\"https:\/\/inmosolycasas.com\/wp-content\/uploads\/2022\/10\/Alicante-Finestrat-2-1024x290.jpeg 1024w, https:\/\/inmosolycasas.com\/wp-content\/uploads\/2022\/10\/Alicante-Finestrat-2-300x85.jpeg 300w, https:\/\/inmosolycasas.com\/wp-content\/uploads\/2022\/10\/Alicante-Finestrat-2-768x218.jpeg 768w, https:\/\/inmosolycasas.com\/wp-content\/uploads\/2022\/10\/Alicante-Finestrat-2-1536x435.jpeg 1536w, https:\/\/inmosolycasas.com\/wp-content\/uploads\/2022\/10\/Alicante-Finestrat-2-2048x580.jpeg 2048w, https:\/\/inmosolycasas.com\/wp-content\/uploads\/2022\/10\/Alicante-Finestrat-2-496x140.jpeg 496w\" sizes=\"(max-width: 1024px) 100vw, 1024px\" \/><\/p>\n","protected":false},"excerpt":{"rendered":"<p>\u00c1tico Sierra Cortina Los Altos Precioso \u00e1tico en venta en Finestrat, Sierra Cortina Los Altos. Ubicado en la urbanizaci\u00f3n m\u00e1s lujosa de la zona, con incre\u00edbles vistas al mar. Esta urbanizaci\u00f3n privada cuenta con hermosos jardines y piscinas. El complejo residencial Sierra Cortina Los Altos dispone de seguridad 24 horas, un centro deportivo de uso [&hellip;]<\/p>\n","protected":false},"author":3,"featured_media":126025,"parent":0,"menu_order":0,"template":"","property_type":[213],"property_status":[496],"property_feature":[527,449,461,436,407,409,758,450,459,775,906,464,460,428,890,957,790,1019,1047,657,923,948,746,408,713,457,912,405,403,406,404],"property_label":[],"property_state":[830],"property_city":[1147],"property_area":[1150],"property_meta":{"houzez_geolocation_lat":["38.625642626928"],"houzez_geolocation_long":["-0.024312697533299"],"_wpml_word_count":["{\"total\":622,\"to_translate\":{\"en\":622,\"es\":622}}"],"_wpml_media_featured":["1"],"_wpml_media_duplicate":["1"],"_yoast_wpseo_focuskw":["\u00c1tico Sierra Cortina Los Altos"],"_yoast_wpseo_metadesc":["\u00c1tico Sierra Cortina Los Altos 149m\u00b2, 3 dormitorios, un amplio sal\u00f3n, una cocina totalmente equipada, una galer\u00eda y 2 ba\u00f1os"],"_yoast_wpseo_linkdex":["80"],"_yoast_wpseo_content_score":["30"],"_yoast_wpseo_estimated-reading-time-minutes":["4"],"fave_property_id":["CH-FI-248"],"fave_property_map":["1"],"fave_property_location":["38.625642626928,-0.024312697533299,15"],"fave_property_map_street_view":["hide"],"_yoast_wpseo_primary_property_type":["170"],"_yoast_wpseo_primary_property_status":["121"],"_yoast_wpseo_primary_property_state":["51"],"_yoast_wpseo_primary_property_city":["149"],"_yoast_wpseo_primary_property_area":["1148"],"_yoast_wpseo_primary_property_feature":["179"],"fave_property_price":["465000"],"fave_property_size":["149"],"fave_property_bedrooms":["3"],"fave_property_bathrooms":["2"],"fave_property_garage":["1"],"_monsterinsights_sitenote_active":["0"],"houzez_total_property_views":["6"],"houzez_views_by_date":["a:1:{s:10:\"05-01-2026\";i:6;}"],"houzez_recently_viewed":["2026-05-01 13:40:23"],"_thumbnail_id":["126025"],"_edit_lock":["1777627148:3"],"_edit_last":["3"],"fave_property_images":["126025","125936","125933","125940","125943","125946","125949","125952","125955","125958","125961","125964","125967","125970","125973","125976","125979","125982","125985","125988","125991","125994","125997","126000","126003","126006","126009","126012","126015","126018","126021"],"fave_featured":["1"],"_last_translation_edit_mode":["native-editor"]},"yoast_head":"<!-- This site is optimized with the Yoast SEO plugin v18.6 - https:\/\/yoast.com\/wordpress\/plugins\/seo\/ -->\n<title>\u00c1tico Sierra Cortina Los Altos - Inmo Sol y Casas<\/title>\n<meta name=\"description\" content=\"\u00c1tico Sierra Cortina Los Altos 149m\u00b2, 3 dormitorios, un amplio sal\u00f3n, una cocina totalmente equipada, una galer\u00eda y 2 ba\u00f1os\" \/>\n<meta name=\"robots\" content=\"index, follow, max-snippet:-1, max-image-preview:large, max-video-preview:-1\" \/>\n<link rel=\"canonical\" href=\"https:\/\/inmosolycasas.com\/es\/property\/atico-sierra-cortina-los-altos\/\" \/>\n<meta property=\"og:locale\" content=\"es_ES\" \/>\n<meta property=\"og:type\" content=\"article\" \/>\n<meta property=\"og:title\" content=\"\u00c1tico Sierra Cortina Los Altos - Inmo Sol y Casas\" \/>\n<meta property=\"og:description\" content=\"\u00c1tico Sierra Cortina Los Altos 149m\u00b2, 3 dormitorios, un amplio sal\u00f3n, una cocina totalmente equipada, una galer\u00eda y 2 ba\u00f1os\" \/>\n<meta property=\"og:url\" content=\"https:\/\/inmosolycasas.com\/es\/property\/atico-sierra-cortina-los-altos\/\" \/>\n<meta property=\"og:site_name\" content=\"Inmo Sol y Casas\" \/>\n<meta property=\"article:modified_time\" content=\"2026-05-01T09:21:15+00:00\" \/>\n<meta property=\"og:image\" content=\"https:\/\/inmosolycasas.com\/wp-content\/uploads\/2026\/05\/Schermafbeelding-2024-09-13-095405.jpg\" \/>\n\t<meta property=\"og:image:width\" content=\"984\" \/>\n\t<meta property=\"og:image:height\" content=\"738\" \/>\n\t<meta property=\"og:image:type\" content=\"image\/jpeg\" \/>\n<meta name=\"twitter:card\" content=\"summary_large_image\" \/>\n<meta name=\"twitter:label1\" content=\"Tiempo de lectura\" \/>\n\t<meta name=\"twitter:data1\" content=\"4 minutos\" \/>\n<script type=\"application\/ld+json\" class=\"yoast-schema-graph\">{\"@context\":\"https:\/\/schema.org\",\"@graph\":[{\"@type\":\"Organization\",\"@id\":\"https:\/\/inmosolycasas.com\/#organization\",\"name\":\"Casa Galera\",\"url\":\"https:\/\/inmosolycasas.com\/\",\"sameAs\":[],\"logo\":{\"@type\":\"ImageObject\",\"@id\":\"https:\/\/inmosolycasas.com\/#logo\",\"inLanguage\":\"es\",\"url\":\"https:\/\/inmosolycasas.com\/wp-content\/uploads\/2021\/04\/logo.png\",\"contentUrl\":\"https:\/\/inmosolycasas.com\/wp-content\/uploads\/2021\/04\/logo.png\",\"width\":250,\"height\":83,\"caption\":\"Casa Galera\"},\"image\":{\"@id\":\"https:\/\/inmosolycasas.com\/#logo\"}},{\"@type\":\"WebSite\",\"@id\":\"https:\/\/inmosolycasas.com\/#website\",\"url\":\"https:\/\/inmosolycasas.com\/\",\"name\":\"Inmo Sol y Casas\",\"description\":\"\",\"publisher\":{\"@id\":\"https:\/\/inmosolycasas.com\/#organization\"},\"potentialAction\":[{\"@type\":\"SearchAction\",\"target\":{\"@type\":\"EntryPoint\",\"urlTemplate\":\"https:\/\/inmosolycasas.com\/?s={search_term_string}\"},\"query-input\":\"required name=search_term_string\"}],\"inLanguage\":\"es\"},{\"@type\":\"ImageObject\",\"@id\":\"https:\/\/inmosolycasas.com\/es\/property\/atico-sierra-cortina-los-altos\/#primaryimage\",\"inLanguage\":\"es\",\"url\":\"https:\/\/inmosolycasas.com\/wp-content\/uploads\/2026\/05\/Schermafbeelding-2024-09-13-095405.jpg\",\"contentUrl\":\"https:\/\/inmosolycasas.com\/wp-content\/uploads\/2026\/05\/Schermafbeelding-2024-09-13-095405.jpg\",\"width\":984,\"height\":738,\"caption\":\"Penthouse Sierra Cortina Los Altos\"},{\"@type\":\"WebPage\",\"@id\":\"https:\/\/inmosolycasas.com\/es\/property\/atico-sierra-cortina-los-altos\/#webpage\",\"url\":\"https:\/\/inmosolycasas.com\/es\/property\/atico-sierra-cortina-los-altos\/\",\"name\":\"\u00c1tico Sierra Cortina Los Altos - Inmo Sol y Casas\",\"isPartOf\":{\"@id\":\"https:\/\/inmosolycasas.com\/#website\"},\"primaryImageOfPage\":{\"@id\":\"https:\/\/inmosolycasas.com\/es\/property\/atico-sierra-cortina-los-altos\/#primaryimage\"},\"datePublished\":\"2026-05-01T09:14:45+00:00\",\"dateModified\":\"2026-05-01T09:21:15+00:00\",\"description\":\"\u00c1tico Sierra Cortina Los Altos 149m\u00b2, 3 dormitorios, un amplio sal\u00f3n, una cocina totalmente equipada, una galer\u00eda y 2 ba\u00f1os\",\"breadcrumb\":{\"@id\":\"https:\/\/inmosolycasas.com\/es\/property\/atico-sierra-cortina-los-altos\/#breadcrumb\"},\"inLanguage\":\"es\",\"potentialAction\":[{\"@type\":\"ReadAction\",\"target\":[\"https:\/\/inmosolycasas.com\/es\/property\/atico-sierra-cortina-los-altos\/\"]}]},{\"@type\":\"BreadcrumbList\",\"@id\":\"https:\/\/inmosolycasas.com\/es\/property\/atico-sierra-cortina-los-altos\/#breadcrumb\",\"itemListElement\":[{\"@type\":\"ListItem\",\"position\":1,\"name\":\"Home\",\"item\":\"https:\/\/inmosolycasas.com\/es\/\"},{\"@type\":\"ListItem\",\"position\":2,\"name\":\"eigenschappen\",\"item\":\"https:\/\/inmosolycasas.com\/property\/\"},{\"@type\":\"ListItem\",\"position\":3,\"name\":\"\u00c1tico Sierra Cortina Los Altos\"}]}]}<\/script>\n<!-- \/ Yoast SEO plugin. -->","yoast_head_json":{"title":"\u00c1tico Sierra Cortina Los Altos - Inmo Sol y Casas","description":"\u00c1tico Sierra Cortina Los Altos 149m\u00b2, 3 dormitorios, un amplio sal\u00f3n, una cocina totalmente equipada, una galer\u00eda y 2 ba\u00f1os","robots":{"index":"index","follow":"follow","max-snippet":"max-snippet:-1","max-image-preview":"max-image-preview:large","max-video-preview":"max-video-preview:-1"},"canonical":"https:\/\/inmosolycasas.com\/es\/property\/atico-sierra-cortina-los-altos\/","og_locale":"es_ES","og_type":"article","og_title":"\u00c1tico Sierra Cortina Los Altos - Inmo Sol y Casas","og_description":"\u00c1tico Sierra Cortina Los Altos 149m\u00b2, 3 dormitorios, un amplio sal\u00f3n, una cocina totalmente equipada, una galer\u00eda y 2 ba\u00f1os","og_url":"https:\/\/inmosolycasas.com\/es\/property\/atico-sierra-cortina-los-altos\/","og_site_name":"Inmo Sol y Casas","article_modified_time":"2026-05-01T09:21:15+00:00","og_image":[{"width":984,"height":738,"url":"https:\/\/inmosolycasas.com\/wp-content\/uploads\/2026\/05\/Schermafbeelding-2024-09-13-095405.jpg","type":"image\/jpeg"}],"twitter_card":"summary_large_image","twitter_misc":{"Tiempo de lectura":"4 minutos"},"schema":{"@context":"https:\/\/schema.org","@graph":[{"@type":"Organization","@id":"https:\/\/inmosolycasas.com\/#organization","name":"Casa Galera","url":"https:\/\/inmosolycasas.com\/","sameAs":[],"logo":{"@type":"ImageObject","@id":"https:\/\/inmosolycasas.com\/#logo","inLanguage":"es","url":"https:\/\/inmosolycasas.com\/wp-content\/uploads\/2021\/04\/logo.png","contentUrl":"https:\/\/inmosolycasas.com\/wp-content\/uploads\/2021\/04\/logo.png","width":250,"height":83,"caption":"Casa Galera"},"image":{"@id":"https:\/\/inmosolycasas.com\/#logo"}},{"@type":"WebSite","@id":"https:\/\/inmosolycasas.com\/#website","url":"https:\/\/inmosolycasas.com\/","name":"Inmo Sol y Casas","description":"","publisher":{"@id":"https:\/\/inmosolycasas.com\/#organization"},"potentialAction":[{"@type":"SearchAction","target":{"@type":"EntryPoint","urlTemplate":"https:\/\/inmosolycasas.com\/?s={search_term_string}"},"query-input":"required name=search_term_string"}],"inLanguage":"es"},{"@type":"ImageObject","@id":"https:\/\/inmosolycasas.com\/es\/property\/atico-sierra-cortina-los-altos\/#primaryimage","inLanguage":"es","url":"https:\/\/inmosolycasas.com\/wp-content\/uploads\/2026\/05\/Schermafbeelding-2024-09-13-095405.jpg","contentUrl":"https:\/\/inmosolycasas.com\/wp-content\/uploads\/2026\/05\/Schermafbeelding-2024-09-13-095405.jpg","width":984,"height":738,"caption":"Penthouse Sierra Cortina Los Altos"},{"@type":"WebPage","@id":"https:\/\/inmosolycasas.com\/es\/property\/atico-sierra-cortina-los-altos\/#webpage","url":"https:\/\/inmosolycasas.com\/es\/property\/atico-sierra-cortina-los-altos\/","name":"\u00c1tico Sierra Cortina Los Altos - Inmo Sol y Casas","isPartOf":{"@id":"https:\/\/inmosolycasas.com\/#website"},"primaryImageOfPage":{"@id":"https:\/\/inmosolycasas.com\/es\/property\/atico-sierra-cortina-los-altos\/#primaryimage"},"datePublished":"2026-05-01T09:14:45+00:00","dateModified":"2026-05-01T09:21:15+00:00","description":"\u00c1tico Sierra Cortina Los Altos 149m\u00b2, 3 dormitorios, un amplio sal\u00f3n, una cocina totalmente equipada, una galer\u00eda y 2 ba\u00f1os","breadcrumb":{"@id":"https:\/\/inmosolycasas.com\/es\/property\/atico-sierra-cortina-los-altos\/#breadcrumb"},"inLanguage":"es","potentialAction":[{"@type":"ReadAction","target":["https:\/\/inmosolycasas.com\/es\/property\/atico-sierra-cortina-los-altos\/"]}]},{"@type":"BreadcrumbList","@id":"https:\/\/inmosolycasas.com\/es\/property\/atico-sierra-cortina-los-altos\/#breadcrumb","itemListElement":[{"@type":"ListItem","position":1,"name":"Home","item":"https:\/\/inmosolycasas.com\/es\/"},{"@type":"ListItem","position":2,"name":"eigenschappen","item":"https:\/\/inmosolycasas.com\/property\/"},{"@type":"ListItem","position":3,"name":"\u00c1tico Sierra Cortina Los Altos"}]}]}},"_links":{"self":[{"href":"https:\/\/inmosolycasas.com\/es\/wp-json\/wp\/v2\/properties\/126032"}],"collection":[{"href":"https:\/\/inmosolycasas.com\/es\/wp-json\/wp\/v2\/properties"}],"about":[{"href":"https:\/\/inmosolycasas.com\/es\/wp-json\/wp\/v2\/types\/property"}],"author":[{"embeddable":true,"href":"https:\/\/inmosolycasas.com\/es\/wp-json\/wp\/v2\/users\/3"}],"version-history":[{"count":3,"href":"https:\/\/inmosolycasas.com\/es\/wp-json\/wp\/v2\/properties\/126032\/revisions"}],"predecessor-version":[{"id":126038,"href":"https:\/\/inmosolycasas.com\/es\/wp-json\/wp\/v2\/properties\/126032\/revisions\/126038"}],"wp:featuredmedia":[{"embeddable":true,"href":"https:\/\/inmosolycasas.com\/es\/wp-json\/wp\/v2\/media\/126025"}],"wp:attachment":[{"href":"https:\/\/inmosolycasas.com\/es\/wp-json\/wp\/v2\/media?parent=126032"}],"wp:term":[{"taxonomy":"property_type","embeddable":true,"href":"https:\/\/inmosolycasas.com\/es\/wp-json\/wp\/v2\/property_type?post=126032"},{"taxonomy":"property_status","embeddable":true,"href":"https:\/\/inmosolycasas.com\/es\/wp-json\/wp\/v2\/property_status?post=126032"},{"taxonomy":"property_feature","embeddable":true,"href":"https:\/\/inmosolycasas.com\/es\/wp-json\/wp\/v2\/property_feature?post=126032"},{"taxonomy":"property_label","embeddable":true,"href":"https:\/\/inmosolycasas.com\/es\/wp-json\/wp\/v2\/property_label?post=126032"},{"taxonomy":"property_state","embeddable":true,"href":"https:\/\/inmosolycasas.com\/es\/wp-json\/wp\/v2\/property_state?post=126032"},{"taxonomy":"property_city","embeddable":true,"href":"https:\/\/inmosolycasas.com\/es\/wp-json\/wp\/v2\/property_city?post=126032"},{"taxonomy":"property_area","embeddable":true,"href":"https:\/\/inmosolycasas.com\/es\/wp-json\/wp\/v2\/property_area?post=126032"}],"curies":[{"name":"wp","href":"https:\/\/api.w.org\/{rel}","templated":true}]}}