
{"id":126405,"date":"2026-05-02T15:55:12","date_gmt":"2026-05-02T13:55:12","guid":{"rendered":"https:\/\/inmosolycasas.com\/?post_type=property&#038;p=126405"},"modified":"2026-05-02T16:00:52","modified_gmt":"2026-05-02T14:00:52","slug":"apartamento-principado-benidorm-levante","status":"publish","type":"property","link":"https:\/\/inmosolycasas.com\/es\/property\/apartamento-principado-benidorm-levante\/","title":{"rendered":"Apartamento Principado Benidorm Levante"},"content":{"rendered":"<p>Apartamento Principado Benidorm Levante<\/p>\n<p>Precioso apartamento en primera l\u00ednea de playa, en esquina, situado en la planta 18 del complejo Principado, con vistas panor\u00e1micas al inicio de la playa de Levante, en el barrio de Rinc\u00f3n de Loix.<\/p>\n<p>Este apartamento de 160 m\u00b2 cuenta con 3 dormitorios con armarios empotrados, un amplio sal\u00f3n, una espaciosa terraza acristalada ideal para disfrutar de las vistas en cualquier \u00e9poca del a\u00f1o, una cocina totalmente equipada y 2 ba\u00f1os completos.<\/p>\n<p>Dispone de acceso a una piscina comunitaria y aparcamiento comunitario.<\/p>\n<p>La propiedad se encuentra en excelente estado y se vende totalmente amueblada, lista para entrar a vivir. Est\u00e1 equipada con aire acondicionado fr\u00edo\/calor, garantizando el m\u00e1ximo confort durante todo el a\u00f1o.<\/p>\n<p>El apartamento Principado Benidorm Levante est\u00e1 listo para que lo habite, lo alquile o una combinaci\u00f3n de ambos. Gracias a su c\u00e9ntrica ubicaci\u00f3n en el paseo mar\u00edtimo y cerca de numerosos locales de ocio, es ideal para el alquiler. Si prefiere no gestionar el alquiler personalmente, puede dejarlo en nuestras manos, ya que gestionamos el alquiler de varios apartamentos en Benidorm. Si le interesa seriamente este apartamento, \u00abApartamento Principado Benidorm Levante\u00bb, nos gustar\u00eda que se pusiera en contacto con nosotros. Podr\u00e1 concertar una visita.<\/p>\n<p><em>El precio con nosotros nunca ser\u00e1 mayor por el mismo objeto que el de nuestros colegas. \u00a1Cu\u00e9ntanos si lo has visto m\u00e1s barato en otros lugares! Lo que puede ser diferente, sin embargo, es la liquidaci\u00f3n de la venta y la asistencia antes y despu\u00e9s de obtener los documentos y permisos correctos, etc\u00e9tera. Hablamos holand\u00e9s y espa\u00f1ol.<\/em><\/p>\n<p><em>\u00a0Nuestra especialidad es nuestro m\u00e9todo de trabajo. Queremos guiarte de la A a la Z con el proceso de compra, y solo estamos listos cuando est\u00e9s 100% satisfecho. Antes de que pueda proceder a la compra, primero se deben organizar muchos asuntos perif\u00e9ricos. Tampoco termina con nosotros despu\u00e9s de firmar con el notario, pero somos y seguimos siendo su punto de contacto para futuras preguntas. Por favor, lea tambi\u00e9n la informaci\u00f3n\u00a0<a href=\"https:\/\/inmosolycasas.com\/es\/obre-agencia-inmobiliaria-costa-blanca\/\" target=\"_blank\" rel=\"noopener\">sobre nosotros<\/a>\u00a0\u00a0o uno de nuestros\u00a0<a href=\"https:\/\/inmosolycasas.com\/es\/blog\/\" target=\"_blank\" rel=\"noopener\">blogs<\/a>\u00a0sobre la compra de una casa.\u00a0<\/em><\/p>\n<p>&nbsp;<\/p>\n<p>Wikipedia:\u00a0<b>Benidorm<\/b>\u00a0es una ciudad y municipio\u00a0<a title=\"Espa\u00f1a\" href=\"https:\/\/es.wikipedia.org\/wiki\/Espa%C3%B1a\" target=\"_blank\" rel=\"noopener\">espa\u00f1ol<\/a>\u00a0de la\u00a0<a title=\"Provincia de Alicante\" href=\"https:\/\/es.wikipedia.org\/wiki\/Provincia_de_Alicante\" target=\"_blank\" rel=\"noopener\">provincia de Alicante<\/a>, en la\u00a0<a title=\"Comunidad Valenciana\" href=\"https:\/\/es.wikipedia.org\/wiki\/Comunidad_Valenciana\" target=\"_blank\" rel=\"noopener\">Comunidad Valenciana<\/a>. Est\u00e1 situada a orillas del\u00a0<a title=\"Mar Mediterr\u00e1neo\" href=\"https:\/\/es.wikipedia.org\/wiki\/Mar_Mediterr%C3%A1neo\" target=\"_blank\" rel=\"noopener\">mar Mediterr\u00e1neo<\/a>, en la\u00a0<a title=\"Comarca\" href=\"https:\/\/es.wikipedia.org\/wiki\/Comarca\" target=\"_blank\" rel=\"noopener\">comarca<\/a>\u00a0de la\u00a0<a title=\"Marina Baja\" href=\"https:\/\/es.wikipedia.org\/wiki\/Marina_Baja\" target=\"_blank\" rel=\"noopener\">Marina Baja<\/a>, de la que es su municipio m\u00e1s denso y poblado con una densidad de 1792\u00a0hab\/km\u00b2 y 70\u00a0450 habitantes en 2020 seg\u00fan el\u00a0<a class=\"mw-redirect\" title=\"Instituto Nacional de Estad\u00edstica de Espa\u00f1a\" href=\"https:\/\/es.wikipedia.org\/wiki\/Instituto_Nacional_de_Estad%C3%ADstica_de_Espa%C3%B1a\" target=\"_blank\" rel=\"noopener\">INE<\/a>.<sup id=\"cite_ref-3\" class=\"reference separada\"><\/sup>Es la capital tur\u00edstica de la\u00a0<a title=\"Comunidad Valenciana\" href=\"https:\/\/es.wikipedia.org\/wiki\/Comunidad_Valenciana\" target=\"_blank\" rel=\"noopener\">Comunidad Valenciana<\/a>.<sup id=\"cite_ref-d25f4ffe_4-0\" class=\"reference separada\"><\/sup>\u200b<\/p>\n<p>Conocida como la \u00ab<a title=\"Nueva York\" href=\"https:\/\/es.wikipedia.org\/wiki\/Nueva_York\" target=\"_blank\" rel=\"noopener\">Nueva York<\/a>\u00a0del\u00a0<a class=\"mw-redirect\" title=\"Mediterr\u00e1neo\" href=\"https:\/\/es.wikipedia.org\/wiki\/Mediterr%C3%A1neo\" target=\"_blank\" rel=\"noopener\">Mediterr\u00e1neo<\/a>\u00bb,<sup id=\"cite_ref-5\" class=\"reference separada\"><\/sup>\u00a0Benidorm es la ciudad con m\u00e1s rascacielos de\u00a0<a title=\"Espa\u00f1a\" href=\"https:\/\/es.wikipedia.org\/wiki\/Espa%C3%B1a\" target=\"_blank\" rel=\"noopener\">Espa\u00f1a<\/a>,\u00a0<sup id=\"cite_ref-6\" class=\"reference separada\"><\/sup>la ciudad con m\u00e1s rascacielos por habitante del mundo\u00a0<sup id=\"cite_ref-7\" class=\"reference separada\"><\/sup>y la segunda ciudad con m\u00e1s rascacielos por metro cuadrado del mundo, solo detr\u00e1s de\u00a0<a title=\"Nueva York\" href=\"https:\/\/es.wikipedia.org\/wiki\/Nueva_York\" target=\"_blank\" rel=\"noopener\">Nueva York<\/a>.<sup id=\"cite_ref-8\" class=\"reference separada\"><\/sup>\u200b<\/p>\n<p>Se trata de uno de los destinos tur\u00edsticos m\u00e1s importantes y conocidos de\u00a0<a title=\"Espa\u00f1a\" href=\"https:\/\/es.wikipedia.org\/wiki\/Espa%C3%B1a\" target=\"_blank\" rel=\"noopener\">Espa\u00f1a<\/a>\u00a0y de todo el\u00a0<a title=\"Mar Mediterr\u00e1neo\" href=\"https:\/\/es.wikipedia.org\/wiki\/Mar_Mediterr%C3%A1neo\" target=\"_blank\" rel=\"noopener\">Mediterr\u00e1neo<\/a>\u00a0gracias a sus playas y su vida nocturna, llegando a alcanzar los 400\u00a0000 habitantes en verano. No en vano, Benidorm es la tercera ciudad con m\u00e1s plazas hoteleras de Espa\u00f1a tras\u00a0<a title=\"Madrid\" href=\"https:\/\/es.wikipedia.org\/wiki\/Madrid\" target=\"_blank\" rel=\"noopener\">Madrid<\/a>\u00a0y\u00a0<a title=\"Barcelona\" href=\"https:\/\/es.wikipedia.org\/wiki\/Barcelona\" target=\"_blank\" rel=\"noopener\">Barcelona<\/a>.\u200b Benidorm es la primera ciudad espa\u00f1ola en recibir el certificado de Destino Tur\u00edstico Inteligente,<sup id=\"cite_ref-9\" class=\"reference separada\"><a href=\"https:\/\/es.wikipedia.org\/wiki\/Benidorm#cite_note-9\">9<\/a><\/sup>\u200b otorgado por el Instituto para la Calidad Tur\u00edstica de Espa\u00f1a (ICTE) gracias a la innovaci\u00f3n, accesibilidad, transformaci\u00f3n digital y su modelo vertical que permite un mejor aprovechamiento de los recursos.<\/p>\n<p>Tanto en verano como en invierno el clima en Benidorm es agradable, si no c\u00e1lido. Debido a las monta\u00f1as detr\u00e1s de la ciudad, el mal tiempo a menudo no llega a Benidorm. Benidorm es una de las zonas de playa m\u00e1s secas de\u00a0<a href=\"https:\/\/nl.wikipedia.org\/wiki\/Europa_(werelddeel)\" target=\"_blank\" rel=\"noopener\">Europa<\/a>.<\/p>\n<p>&nbsp;<\/p>\n<p><img loading=\"lazy\" class=\"alignnone wp-image-80943 size-large\" src=\"https:\/\/inmosolycasas.com\/wp-content\/uploads\/2022\/09\/Alicante-Playa-de-Poniente-4-1024x283.jpeg\" alt=\"Route Alicante-Playa de Poniente\" width=\"1024\" height=\"283\" srcset=\"https:\/\/inmosolycasas.com\/wp-content\/uploads\/2022\/09\/Alicante-Playa-de-Poniente-4-1024x283.jpeg 1024w, https:\/\/inmosolycasas.com\/wp-content\/uploads\/2022\/09\/Alicante-Playa-de-Poniente-4-300x83.jpeg 300w, https:\/\/inmosolycasas.com\/wp-content\/uploads\/2022\/09\/Alicante-Playa-de-Poniente-4-768x213.jpeg 768w, https:\/\/inmosolycasas.com\/wp-content\/uploads\/2022\/09\/Alicante-Playa-de-Poniente-4-1536x425.jpeg 1536w, https:\/\/inmosolycasas.com\/wp-content\/uploads\/2022\/09\/Alicante-Playa-de-Poniente-4-2048x567.jpeg 2048w, https:\/\/inmosolycasas.com\/wp-content\/uploads\/2022\/09\/Alicante-Playa-de-Poniente-4-496x137.jpeg 496w\" sizes=\"(max-width: 1024px) 100vw, 1024px\" \/><\/p>\n","protected":false},"excerpt":{"rendered":"<p>Apartamento Principado Benidorm Levante Precioso apartamento en primera l\u00ednea de playa, en esquina, situado en la planta 18 del complejo Principado, con vistas panor\u00e1micas al inicio de la playa de Levante, en el barrio de Rinc\u00f3n de Loix. Este apartamento de 160 m\u00b2 cuenta con 3 dormitorios con armarios empotrados, un amplio sal\u00f3n, una espaciosa [&hellip;]<\/p>\n","protected":false},"author":3,"featured_media":126386,"parent":0,"menu_order":0,"template":"","property_type":[204],"property_status":[496],"property_feature":[527,412,461,436,409,758,450,459,443,906,460,428,440,1000,957,790,528,1047,746,408,713,447,769,707,912,405,403,406,404,959],"property_label":[],"property_state":[830],"property_city":[1141],"property_area":[1131],"property_meta":{"houzez_geolocation_lat":["38.625642626928"],"houzez_geolocation_long":["-0.024312697533299"],"_wpml_word_count":["{\"total\":637,\"to_translate\":{\"en\":637,\"es\":637}}"],"_wpml_media_featured":["1"],"_wpml_media_duplicate":["1"],"_yoast_wpseo_focuskw":["Apartamento Principado Benidorm Levante"],"_yoast_wpseo_metadesc":["Apartamento Principado Benidorm Levante 160 m\u00b2 3 dormitorios, amplio sal\u00f3n, terraza acristalada con vistas panor\u00e1micas. 2 ba\u00f1os completos."],"_yoast_wpseo_linkdex":["82"],"_yoast_wpseo_content_score":["30"],"_yoast_wpseo_estimated-reading-time-minutes":["4"],"fave_property_map":["1"],"fave_property_location":["38.625642626928,-0.024312697533299,15"],"fave_property_map_street_view":["hide"],"_yoast_wpseo_primary_property_type":["161"],"_yoast_wpseo_primary_property_state":["51"],"_yoast_wpseo_primary_property_status":["121"],"_yoast_wpseo_primary_property_city":["515"],"_yoast_wpseo_primary_property_area":["869"],"fave_property_price":["680000"],"fave_property_size":["160"],"fave_property_bedrooms":["3"],"fave_property_bathrooms":["2"],"fave_property_id":["D-240"],"fave_video_url":["https:\/\/youtu.be\/ndSEqKWXXww?si=XdmEFFeKysR_XpD0"],"_yoast_wpseo_primary_property_feature":["54"],"_monsterinsights_sitenote_active":["0"],"houzez_total_property_views":["10"],"houzez_views_by_date":["a:2:{s:10:\"05-02-2026\";i:7;s:10:\"05-03-2026\";i:3;}"],"houzez_recently_viewed":["2026-05-03 14:56:44"],"_thumbnail_id":["126386"],"_edit_lock":["1777730319:3"],"_edit_last":["3"],"fave_property_images":["126386","126287","126266","126269","126275","126278","126281","126290","126299","126305","126308","126314","126317","126323","126326","126332","126335","126341","126344","126350","126353","126359","126362","126296","126368","126371","126377","126380"],"fave_featured":["1"],"_last_translation_edit_mode":["native-editor"]},"yoast_head":"<!-- This site is optimized with the Yoast SEO plugin v18.6 - https:\/\/yoast.com\/wordpress\/plugins\/seo\/ -->\n<title>Apartamento Principado Benidorm Levante - Inmo Sol y Casas<\/title>\n<meta name=\"description\" content=\"Apartamento Principado Benidorm Levante 160 m\u00b2 3 dormitorios, amplio sal\u00f3n, terraza acristalada con vistas panor\u00e1micas. 2 ba\u00f1os completos.\" \/>\n<meta name=\"robots\" content=\"index, follow, max-snippet:-1, max-image-preview:large, max-video-preview:-1\" \/>\n<link rel=\"canonical\" href=\"https:\/\/inmosolycasas.com\/es\/property\/apartamento-principado-benidorm-levante\/\" \/>\n<meta property=\"og:locale\" content=\"es_ES\" \/>\n<meta property=\"og:type\" content=\"article\" \/>\n<meta property=\"og:title\" content=\"Apartamento Principado Benidorm Levante - Inmo Sol y Casas\" \/>\n<meta property=\"og:description\" content=\"Apartamento Principado Benidorm Levante 160 m\u00b2 3 dormitorios, amplio sal\u00f3n, terraza acristalada con vistas panor\u00e1micas. 2 ba\u00f1os completos.\" \/>\n<meta property=\"og:url\" content=\"https:\/\/inmosolycasas.com\/es\/property\/apartamento-principado-benidorm-levante\/\" \/>\n<meta property=\"og:site_name\" content=\"Inmo Sol y Casas\" \/>\n<meta property=\"article:modified_time\" content=\"2026-05-02T14:00:52+00:00\" \/>\n<meta property=\"og:image\" content=\"https:\/\/inmosolycasas.com\/wp-content\/uploads\/2026\/05\/Schermafbeelding-2026-05-02-154038.jpg\" \/>\n\t<meta property=\"og:image:width\" content=\"986\" \/>\n\t<meta property=\"og:image:height\" content=\"738\" \/>\n\t<meta property=\"og:image:type\" content=\"image\/jpeg\" \/>\n<meta name=\"twitter:card\" content=\"summary_large_image\" \/>\n<meta name=\"twitter:label1\" content=\"Tiempo de lectura\" \/>\n\t<meta name=\"twitter:data1\" content=\"4 minutos\" \/>\n<script type=\"application\/ld+json\" class=\"yoast-schema-graph\">{\"@context\":\"https:\/\/schema.org\",\"@graph\":[{\"@type\":\"Organization\",\"@id\":\"https:\/\/inmosolycasas.com\/#organization\",\"name\":\"Casa Galera\",\"url\":\"https:\/\/inmosolycasas.com\/\",\"sameAs\":[],\"logo\":{\"@type\":\"ImageObject\",\"@id\":\"https:\/\/inmosolycasas.com\/#logo\",\"inLanguage\":\"es\",\"url\":\"https:\/\/inmosolycasas.com\/wp-content\/uploads\/2021\/04\/logo.png\",\"contentUrl\":\"https:\/\/inmosolycasas.com\/wp-content\/uploads\/2021\/04\/logo.png\",\"width\":250,\"height\":83,\"caption\":\"Casa Galera\"},\"image\":{\"@id\":\"https:\/\/inmosolycasas.com\/#logo\"}},{\"@type\":\"WebSite\",\"@id\":\"https:\/\/inmosolycasas.com\/#website\",\"url\":\"https:\/\/inmosolycasas.com\/\",\"name\":\"Inmo Sol y Casas\",\"description\":\"\",\"publisher\":{\"@id\":\"https:\/\/inmosolycasas.com\/#organization\"},\"potentialAction\":[{\"@type\":\"SearchAction\",\"target\":{\"@type\":\"EntryPoint\",\"urlTemplate\":\"https:\/\/inmosolycasas.com\/?s={search_term_string}\"},\"query-input\":\"required name=search_term_string\"}],\"inLanguage\":\"es\"},{\"@type\":\"ImageObject\",\"@id\":\"https:\/\/inmosolycasas.com\/es\/property\/apartamento-principado-benidorm-levante\/#primaryimage\",\"inLanguage\":\"es\",\"url\":\"https:\/\/inmosolycasas.com\/wp-content\/uploads\/2026\/05\/Schermafbeelding-2026-05-02-154038.jpg\",\"contentUrl\":\"https:\/\/inmosolycasas.com\/wp-content\/uploads\/2026\/05\/Schermafbeelding-2026-05-02-154038.jpg\",\"width\":986,\"height\":738,\"caption\":\"Appartement Principado Benidorm Levante\"},{\"@type\":\"WebPage\",\"@id\":\"https:\/\/inmosolycasas.com\/es\/property\/apartamento-principado-benidorm-levante\/#webpage\",\"url\":\"https:\/\/inmosolycasas.com\/es\/property\/apartamento-principado-benidorm-levante\/\",\"name\":\"Apartamento Principado Benidorm Levante - Inmo Sol y Casas\",\"isPartOf\":{\"@id\":\"https:\/\/inmosolycasas.com\/#website\"},\"primaryImageOfPage\":{\"@id\":\"https:\/\/inmosolycasas.com\/es\/property\/apartamento-principado-benidorm-levante\/#primaryimage\"},\"datePublished\":\"2026-05-02T13:55:12+00:00\",\"dateModified\":\"2026-05-02T14:00:52+00:00\",\"description\":\"Apartamento Principado Benidorm Levante 160 m\u00b2 3 dormitorios, amplio sal\u00f3n, terraza acristalada con vistas panor\u00e1micas. 2 ba\u00f1os completos.\",\"breadcrumb\":{\"@id\":\"https:\/\/inmosolycasas.com\/es\/property\/apartamento-principado-benidorm-levante\/#breadcrumb\"},\"inLanguage\":\"es\",\"potentialAction\":[{\"@type\":\"ReadAction\",\"target\":[\"https:\/\/inmosolycasas.com\/es\/property\/apartamento-principado-benidorm-levante\/\"]}]},{\"@type\":\"BreadcrumbList\",\"@id\":\"https:\/\/inmosolycasas.com\/es\/property\/apartamento-principado-benidorm-levante\/#breadcrumb\",\"itemListElement\":[{\"@type\":\"ListItem\",\"position\":1,\"name\":\"Home\",\"item\":\"https:\/\/inmosolycasas.com\/es\/\"},{\"@type\":\"ListItem\",\"position\":2,\"name\":\"eigenschappen\",\"item\":\"https:\/\/inmosolycasas.com\/property\/\"},{\"@type\":\"ListItem\",\"position\":3,\"name\":\"Apartamento Principado Benidorm Levante\"}]}]}<\/script>\n<!-- \/ Yoast SEO plugin. -->","yoast_head_json":{"title":"Apartamento Principado Benidorm Levante - Inmo Sol y Casas","description":"Apartamento Principado Benidorm Levante 160 m\u00b2 3 dormitorios, amplio sal\u00f3n, terraza acristalada con vistas panor\u00e1micas. 2 ba\u00f1os completos.","robots":{"index":"index","follow":"follow","max-snippet":"max-snippet:-1","max-image-preview":"max-image-preview:large","max-video-preview":"max-video-preview:-1"},"canonical":"https:\/\/inmosolycasas.com\/es\/property\/apartamento-principado-benidorm-levante\/","og_locale":"es_ES","og_type":"article","og_title":"Apartamento Principado Benidorm Levante - Inmo Sol y Casas","og_description":"Apartamento Principado Benidorm Levante 160 m\u00b2 3 dormitorios, amplio sal\u00f3n, terraza acristalada con vistas panor\u00e1micas. 2 ba\u00f1os completos.","og_url":"https:\/\/inmosolycasas.com\/es\/property\/apartamento-principado-benidorm-levante\/","og_site_name":"Inmo Sol y Casas","article_modified_time":"2026-05-02T14:00:52+00:00","og_image":[{"width":986,"height":738,"url":"https:\/\/inmosolycasas.com\/wp-content\/uploads\/2026\/05\/Schermafbeelding-2026-05-02-154038.jpg","type":"image\/jpeg"}],"twitter_card":"summary_large_image","twitter_misc":{"Tiempo de lectura":"4 minutos"},"schema":{"@context":"https:\/\/schema.org","@graph":[{"@type":"Organization","@id":"https:\/\/inmosolycasas.com\/#organization","name":"Casa Galera","url":"https:\/\/inmosolycasas.com\/","sameAs":[],"logo":{"@type":"ImageObject","@id":"https:\/\/inmosolycasas.com\/#logo","inLanguage":"es","url":"https:\/\/inmosolycasas.com\/wp-content\/uploads\/2021\/04\/logo.png","contentUrl":"https:\/\/inmosolycasas.com\/wp-content\/uploads\/2021\/04\/logo.png","width":250,"height":83,"caption":"Casa Galera"},"image":{"@id":"https:\/\/inmosolycasas.com\/#logo"}},{"@type":"WebSite","@id":"https:\/\/inmosolycasas.com\/#website","url":"https:\/\/inmosolycasas.com\/","name":"Inmo Sol y Casas","description":"","publisher":{"@id":"https:\/\/inmosolycasas.com\/#organization"},"potentialAction":[{"@type":"SearchAction","target":{"@type":"EntryPoint","urlTemplate":"https:\/\/inmosolycasas.com\/?s={search_term_string}"},"query-input":"required name=search_term_string"}],"inLanguage":"es"},{"@type":"ImageObject","@id":"https:\/\/inmosolycasas.com\/es\/property\/apartamento-principado-benidorm-levante\/#primaryimage","inLanguage":"es","url":"https:\/\/inmosolycasas.com\/wp-content\/uploads\/2026\/05\/Schermafbeelding-2026-05-02-154038.jpg","contentUrl":"https:\/\/inmosolycasas.com\/wp-content\/uploads\/2026\/05\/Schermafbeelding-2026-05-02-154038.jpg","width":986,"height":738,"caption":"Appartement Principado Benidorm Levante"},{"@type":"WebPage","@id":"https:\/\/inmosolycasas.com\/es\/property\/apartamento-principado-benidorm-levante\/#webpage","url":"https:\/\/inmosolycasas.com\/es\/property\/apartamento-principado-benidorm-levante\/","name":"Apartamento Principado Benidorm Levante - Inmo Sol y Casas","isPartOf":{"@id":"https:\/\/inmosolycasas.com\/#website"},"primaryImageOfPage":{"@id":"https:\/\/inmosolycasas.com\/es\/property\/apartamento-principado-benidorm-levante\/#primaryimage"},"datePublished":"2026-05-02T13:55:12+00:00","dateModified":"2026-05-02T14:00:52+00:00","description":"Apartamento Principado Benidorm Levante 160 m\u00b2 3 dormitorios, amplio sal\u00f3n, terraza acristalada con vistas panor\u00e1micas. 2 ba\u00f1os completos.","breadcrumb":{"@id":"https:\/\/inmosolycasas.com\/es\/property\/apartamento-principado-benidorm-levante\/#breadcrumb"},"inLanguage":"es","potentialAction":[{"@type":"ReadAction","target":["https:\/\/inmosolycasas.com\/es\/property\/apartamento-principado-benidorm-levante\/"]}]},{"@type":"BreadcrumbList","@id":"https:\/\/inmosolycasas.com\/es\/property\/apartamento-principado-benidorm-levante\/#breadcrumb","itemListElement":[{"@type":"ListItem","position":1,"name":"Home","item":"https:\/\/inmosolycasas.com\/es\/"},{"@type":"ListItem","position":2,"name":"eigenschappen","item":"https:\/\/inmosolycasas.com\/property\/"},{"@type":"ListItem","position":3,"name":"Apartamento Principado Benidorm Levante"}]}]}},"_links":{"self":[{"href":"https:\/\/inmosolycasas.com\/es\/wp-json\/wp\/v2\/properties\/126405"}],"collection":[{"href":"https:\/\/inmosolycasas.com\/es\/wp-json\/wp\/v2\/properties"}],"about":[{"href":"https:\/\/inmosolycasas.com\/es\/wp-json\/wp\/v2\/types\/property"}],"author":[{"embeddable":true,"href":"https:\/\/inmosolycasas.com\/es\/wp-json\/wp\/v2\/users\/3"}],"version-history":[{"count":3,"href":"https:\/\/inmosolycasas.com\/es\/wp-json\/wp\/v2\/properties\/126405\/revisions"}],"predecessor-version":[{"id":126412,"href":"https:\/\/inmosolycasas.com\/es\/wp-json\/wp\/v2\/properties\/126405\/revisions\/126412"}],"wp:featuredmedia":[{"embeddable":true,"href":"https:\/\/inmosolycasas.com\/es\/wp-json\/wp\/v2\/media\/126386"}],"wp:attachment":[{"href":"https:\/\/inmosolycasas.com\/es\/wp-json\/wp\/v2\/media?parent=126405"}],"wp:term":[{"taxonomy":"property_type","embeddable":true,"href":"https:\/\/inmosolycasas.com\/es\/wp-json\/wp\/v2\/property_type?post=126405"},{"taxonomy":"property_status","embeddable":true,"href":"https:\/\/inmosolycasas.com\/es\/wp-json\/wp\/v2\/property_status?post=126405"},{"taxonomy":"property_feature","embeddable":true,"href":"https:\/\/inmosolycasas.com\/es\/wp-json\/wp\/v2\/property_feature?post=126405"},{"taxonomy":"property_label","embeddable":true,"href":"https:\/\/inmosolycasas.com\/es\/wp-json\/wp\/v2\/property_label?post=126405"},{"taxonomy":"property_state","embeddable":true,"href":"https:\/\/inmosolycasas.com\/es\/wp-json\/wp\/v2\/property_state?post=126405"},{"taxonomy":"property_city","embeddable":true,"href":"https:\/\/inmosolycasas.com\/es\/wp-json\/wp\/v2\/property_city?post=126405"},{"taxonomy":"property_area","embeddable":true,"href":"https:\/\/inmosolycasas.com\/es\/wp-json\/wp\/v2\/property_area?post=126405"}],"curies":[{"name":"wp","href":"https:\/\/api.w.org\/{rel}","templated":true}]}}