
{"id":94021,"date":"2023-03-09T18:46:49","date_gmt":"2023-03-09T17:46:49","guid":{"rendered":"https:\/\/inmosolycasas.com\/?post_type=property&#038;p=94021"},"modified":"2026-04-23T18:27:06","modified_gmt":"2026-04-23T16:27:06","slug":"apartamento-torre-lugano-benidorm","status":"publish","type":"property","link":"https:\/\/inmosolycasas.com\/es\/property\/apartamento-torre-lugano-benidorm\/","title":{"rendered":"Apartamento Torre Lugano Benidorm"},"content":{"rendered":"<p><strong>\u00a1Esta casa ha sido vendida! Consulte nuestro sitio para ver si puede encontrar algo m\u00e1s.<\/strong><\/p>\n<p>Apartamento Torre Lugano Benidorm<\/p>\n<p>En el piso 27 de la Torre Lugano se encuentra este apartamento con impresionantes vistas panor\u00e1micas sobre todo Benidorm, las monta\u00f1as y el mar. El edificio Lugano es el 2\u00ba edificio m\u00e1s alto de Benidorm con un total de 43 plantas y una altura de 158m. El apartamento con una superficie construida de 80m\u00b2 tiene 2 dormitorios, 2 ba\u00f1os, sala de estar y una terraza abierta, donde se puede disfrutar del sol y las vistas.<\/p>\n<p>Torre Lugano en Benidorm cuenta con 2 piscinas al aire libre, un gimnasio, un gran jard\u00edn con parque infantil, pista de tenis, pista de p\u00e1del y se puede jugar al f\u00fatbol y baloncesto.<\/p>\n<div id=\"ts-body\">\n<div class=\"css-44 ts-pivot-container\">\n<div id=\"ContentContainer\">\n<div role=\"tabpanel\" aria-labelledby=\"Pivot0-Tab0\">\n<div class=\"ts-lookup-pivot\">\n<div id=\"Lookup\" class=\"ts-pivot-lookup-component\">\n<div class=\"ms-Grid ts-grid\">\n<div class=\"ms-Grid-row\">\n<div class=\"ts-textfield-container \" lang=\"es\">\n<div class=\"ts-alignment-view-container\">\n<div id=\"ts-alignment-view-idtgt\" class=\"ts-alignment-view ms-font-m ts-alignment-view-tgt ts-ltr-left-zero\" aria-hidden=\"false\">\n<div role=\"label\">Torre Lugano cuenta con portero y videovigilancia.<\/div>\n<div role=\"label\"><\/div>\n<div role=\"label\">\n<p>En el garaje tiene acceso a 2 (dos) plazas de aparcamiento privadas numeradas. <strong>Tenlo en cuenta a la hora de comparar el precio con otros apartamentos similares.<\/strong><\/p>\n<\/div>\n<div role=\"label\"><\/div>\n<div role=\"label\">Gastos de comunidad 1200 \u20ac al a\u00f1o.<\/div>\n<\/div>\n<\/div>\n<\/div>\n<\/div>\n<\/div>\n<\/div>\n<\/div>\n<\/div>\n<\/div>\n<\/div>\n<\/div>\n<p>IBI 428 \u20ac al a\u00f1o.<\/p>\n<p>El precio con nosotros nunca ser\u00e1 m\u00e1s para el mismo objeto que para nuestros colegas. Lo que puede ser diferente es la liquidaci\u00f3n de la venta y ayudar por adelantado y despu\u00e9s en la obtenci\u00f3n de los papeles y permisos correctos, etc.<\/p>\n<p><em>Nuestra especialidad es nuestro m\u00e9todo de trabajo. Queremos guiarte de la A a la Z con el proceso de compra, y solo estamos listos cuando est\u00e9s 100% satisfecho. Antes de que pueda proceder a la compra, primero se deben organizar muchos asuntos perif\u00e9ricos. Tampoco termina con nosotros despu\u00e9s de firmar con el notario, pero somos y seguimos siendo su punto de contacto para futuras preguntas. Por favor, lea tambi\u00e9n la informaci\u00f3n\u00a0<a href=\"https:\/\/inmosolycasas.com\/es\/obre-agencia-inmobiliaria-costa-blanca\/\" target=\"_blank\" rel=\"noopener\">sobre nosotros<\/a>\u00a0\u00a0o uno de nuestros\u00a0<a href=\"https:\/\/inmosolycasas.com\/es\/blog\/\" target=\"_blank\" rel=\"noopener\">blogs<\/a>\u00a0sobre la compra de una casa.<\/em><\/p>\n<p>Wikipedia:\u00a0<b>Benidorm<\/b>\u00a0es una ciudad y municipio\u00a0<a title=\"Espa\u00f1a\" href=\"https:\/\/es.wikipedia.org\/wiki\/Espa%C3%B1a\" target=\"_blank\" rel=\"noopener\">espa\u00f1ol<\/a>\u00a0de la\u00a0<a title=\"Provincia de Alicante\" href=\"https:\/\/es.wikipedia.org\/wiki\/Provincia_de_Alicante\" target=\"_blank\" rel=\"noopener\">provincia de Alicante<\/a>, en la\u00a0<a title=\"Comunidad Valenciana\" href=\"https:\/\/es.wikipedia.org\/wiki\/Comunidad_Valenciana\" target=\"_blank\" rel=\"noopener\">Comunidad Valenciana<\/a>. Est\u00e1 situada a orillas del\u00a0<a title=\"Mar Mediterr\u00e1neo\" href=\"https:\/\/es.wikipedia.org\/wiki\/Mar_Mediterr%C3%A1neo\" target=\"_blank\" rel=\"noopener\">mar Mediterr\u00e1neo<\/a>, en la\u00a0<a title=\"Comarca\" href=\"https:\/\/es.wikipedia.org\/wiki\/Comarca\" target=\"_blank\" rel=\"noopener\">comarca<\/a>\u00a0de la\u00a0<a title=\"Marina Baja\" href=\"https:\/\/es.wikipedia.org\/wiki\/Marina_Baja\" target=\"_blank\" rel=\"noopener\">Marina Baja<\/a>, de la que es su municipio m\u00e1s denso y poblado con una densidad de 1792\u00a0hab\/km\u00b2 y 70\u00a0450 habitantes en 2020 seg\u00fan el\u00a0<a class=\"mw-redirect\" title=\"Instituto Nacional de Estad\u00edstica de Espa\u00f1a\" href=\"https:\/\/es.wikipedia.org\/wiki\/Instituto_Nacional_de_Estad%C3%ADstica_de_Espa%C3%B1a\" target=\"_blank\" rel=\"noopener\">INE<\/a>.<sup id=\"cite_ref-3\" class=\"reference separada\"><\/sup>Es la capital tur\u00edstica de la\u00a0<a title=\"Comunidad Valenciana\" href=\"https:\/\/es.wikipedia.org\/wiki\/Comunidad_Valenciana\" target=\"_blank\" rel=\"noopener\">Comunidad Valenciana<\/a>.<sup id=\"cite_ref-d25f4ffe_4-0\" class=\"reference separada\"><\/sup>\u200b<\/p>\n<p>Conocida como la \u00ab<a title=\"Nueva York\" href=\"https:\/\/es.wikipedia.org\/wiki\/Nueva_York\" target=\"_blank\" rel=\"noopener\">Nueva York<\/a>\u00a0del\u00a0<a class=\"mw-redirect\" title=\"Mediterr\u00e1neo\" href=\"https:\/\/es.wikipedia.org\/wiki\/Mediterr%C3%A1neo\" target=\"_blank\" rel=\"noopener\">Mediterr\u00e1neo<\/a>\u00bb,<sup id=\"cite_ref-5\" class=\"reference separada\"><\/sup>\u00a0Benidorm es la ciudad con m\u00e1s rascacielos de\u00a0<a title=\"Espa\u00f1a\" href=\"https:\/\/es.wikipedia.org\/wiki\/Espa%C3%B1a\" target=\"_blank\" rel=\"noopener\">Espa\u00f1a<\/a>,\u00a0<sup id=\"cite_ref-6\" class=\"reference separada\"><\/sup>la ciudad con m\u00e1s rascacielos por habitante del mundo\u00a0<sup id=\"cite_ref-7\" class=\"reference separada\"><\/sup>y la segunda ciudad con m\u00e1s rascacielos por metro cuadrado del mundo, solo detr\u00e1s de\u00a0<a title=\"Nueva York\" href=\"https:\/\/es.wikipedia.org\/wiki\/Nueva_York\" target=\"_blank\" rel=\"noopener\">Nueva York<\/a>.<sup id=\"cite_ref-8\" class=\"reference separada\"><\/sup>\u200b<\/p>\n<p>Se trata de uno de los destinos tur\u00edsticos m\u00e1s importantes y conocidos de\u00a0<a title=\"Espa\u00f1a\" href=\"https:\/\/es.wikipedia.org\/wiki\/Espa%C3%B1a\" target=\"_blank\" rel=\"noopener\">Espa\u00f1a<\/a>\u00a0y de todo el\u00a0<a title=\"Mar Mediterr\u00e1neo\" href=\"https:\/\/es.wikipedia.org\/wiki\/Mar_Mediterr%C3%A1neo\" target=\"_blank\" rel=\"noopener\">Mediterr\u00e1neo<\/a>\u00a0gracias a sus playas y su vida nocturna, llegando a alcanzar los 400\u00a0000 habitantes en verano. No en vano, Benidorm es la tercera ciudad con m\u00e1s plazas hoteleras de Espa\u00f1a tras\u00a0<a title=\"Madrid\" href=\"https:\/\/es.wikipedia.org\/wiki\/Madrid\" target=\"_blank\" rel=\"noopener\">Madrid<\/a>\u00a0y\u00a0<a title=\"Barcelona\" href=\"https:\/\/es.wikipedia.org\/wiki\/Barcelona\" target=\"_blank\" rel=\"noopener\">Barcelona<\/a>.\u200b Benidorm es la primera ciudad espa\u00f1ola en recibir el certificado de Destino Tur\u00edstico Inteligente,<sup id=\"cite_ref-9\" class=\"reference separada\"><\/sup>\u00a0otorgado por el Instituto para la Calidad Tur\u00edstica de Espa\u00f1a (ICTE) gracias a la innovaci\u00f3n, accesibilidad, transformaci\u00f3n digital y su modelo vertical que permite un mejor aprovechamiento de los recursos.<\/p>\n<p>Tanto en verano como en invierno el clima en Benidorm es agradable, si no c\u00e1lido. Debido a las monta\u00f1as detr\u00e1s de la ciudad, el mal tiempo a menudo no llega a Benidorm. Benidorm es una de las zonas de playa m\u00e1s secas de\u00a0<a href=\"https:\/\/nl.wikipedia.org\/wiki\/Europa_(werelddeel)\" target=\"_blank\" rel=\"noopener\">Europa<\/a>.<\/p>\n<p><img loading=\"lazy\" class=\"alignnone wp-image-92402 size-large\" src=\"https:\/\/inmosolycasas.com\/wp-content\/uploads\/2023\/02\/Alicante-Playa-de-levante-1-1024x280.jpeg\" alt=\"Route Alicante-Playa de levante\" width=\"1024\" height=\"280\" srcset=\"https:\/\/inmosolycasas.com\/wp-content\/uploads\/2023\/02\/Alicante-Playa-de-levante-1-1024x280.jpeg 1024w, https:\/\/inmosolycasas.com\/wp-content\/uploads\/2023\/02\/Alicante-Playa-de-levante-1-300x82.jpeg 300w, https:\/\/inmosolycasas.com\/wp-content\/uploads\/2023\/02\/Alicante-Playa-de-levante-1-768x210.jpeg 768w, https:\/\/inmosolycasas.com\/wp-content\/uploads\/2023\/02\/Alicante-Playa-de-levante-1-1536x420.jpeg 1536w, https:\/\/inmosolycasas.com\/wp-content\/uploads\/2023\/02\/Alicante-Playa-de-levante-1-2048x560.jpeg 2048w, https:\/\/inmosolycasas.com\/wp-content\/uploads\/2023\/02\/Alicante-Playa-de-levante-1-496x136.jpeg 496w\" sizes=\"(max-width: 1024px) 100vw, 1024px\" \/><\/p>\n","protected":false},"excerpt":{"rendered":"<p>\u00a1Esta casa ha sido vendida! Consulte nuestro sitio para ver si puede encontrar algo m\u00e1s. Apartamento Torre Lugano Benidorm En el piso 27 de la Torre Lugano se encuentra este apartamento con impresionantes vistas panor\u00e1micas sobre todo Benidorm, las monta\u00f1as y el mar. El edificio Lugano es el 2\u00ba edificio m\u00e1s alto de Benidorm con [&hellip;]<\/p>\n","protected":false},"author":3,"featured_media":94016,"parent":0,"menu_order":0,"template":"","property_type":[204],"property_status":[1252],"property_feature":[1084,419,412,461,436,409,435,758,450,459,906,464,460,428,743,890,440,1000,957,528,1019,1047,1080,1074,686,948,746,408,713,769,707,907,912,405,403,406,404],"property_label":[],"property_state":[830],"property_city":[1141],"property_area":[1363,1134],"property_meta":{"houzez_geolocation_lat":["38.625642626928"],"houzez_geolocation_long":["-0.024312697533299"],"_wpml_word_count":["{\"total\":531,\"to_translate\":{\"en\":531,\"es\":531}}"],"_wpml_media_featured":["1"],"_wpml_media_duplicate":["1"],"_yoast_wpseo_content_score":["30"],"_yoast_wpseo_estimated-reading-time-minutes":["3"],"fave_property_price":["VENDIDO"],"fave_property_size":["80"],"fave_property_bedrooms":["2"],"fave_property_bathrooms":["2"],"fave_property_garage":["1"],"fave_property_year":["2008"],"fave_property_id":["ALG1876V"],"fave_property_map":["1"],"fave_property_location":["38.625642626928,-0.024312697533299,15"],"fave_property_map_street_view":["hide"],"_yoast_wpseo_primary_property_type":["161"],"_yoast_wpseo_primary_property_status":["121"],"_yoast_wpseo_primary_property_state":["51"],"_yoast_wpseo_primary_property_city":["515"],"_yoast_wpseo_primary_property_area":["1132"],"_yoast_wpseo_primary_property_feature":["1082"],"houzez_total_property_views":["879"],"houzez_views_by_date":["a:61:{s:10:\"01-29-2026\";i:2;s:10:\"02-02-2026\";i:1;s:10:\"02-03-2026\";i:1;s:10:\"02-04-2026\";i:3;s:10:\"02-05-2026\";i:4;s:10:\"02-06-2026\";i:4;s:10:\"02-07-2026\";i:1;s:10:\"02-08-2026\";i:3;s:10:\"02-11-2026\";i:2;s:10:\"02-12-2026\";i:2;s:10:\"02-13-2026\";i:3;s:10:\"02-14-2026\";i:1;s:10:\"02-15-2026\";i:4;s:10:\"02-16-2026\";i:2;s:10:\"02-17-2026\";i:3;s:10:\"02-18-2026\";i:1;s:10:\"02-19-2026\";i:1;s:10:\"02-20-2026\";i:2;s:10:\"02-21-2026\";i:2;s:10:\"02-22-2026\";i:1;s:10:\"02-23-2026\";i:2;s:10:\"02-24-2026\";i:2;s:10:\"02-26-2026\";i:3;s:10:\"02-27-2026\";i:2;s:10:\"02-28-2026\";i:2;s:10:\"03-02-2026\";i:1;s:10:\"03-04-2026\";i:1;s:10:\"03-06-2026\";i:3;s:10:\"03-08-2026\";i:2;s:10:\"03-09-2026\";i:1;s:10:\"03-12-2026\";i:3;s:10:\"03-13-2026\";i:5;s:10:\"03-15-2026\";i:2;s:10:\"03-16-2026\";i:2;s:10:\"03-17-2026\";i:1;s:10:\"03-18-2026\";i:1;s:10:\"03-20-2026\";i:3;s:10:\"03-21-2026\";i:1;s:10:\"03-22-2026\";i:2;s:10:\"03-23-2026\";i:2;s:10:\"03-24-2026\";i:1;s:10:\"03-25-2026\";i:1;s:10:\"03-28-2026\";i:1;s:10:\"03-30-2026\";i:2;s:10:\"03-31-2026\";i:3;s:10:\"04-01-2026\";i:1;s:10:\"04-02-2026\";i:4;s:10:\"04-04-2026\";i:5;s:10:\"04-05-2026\";i:1;s:10:\"04-08-2026\";i:2;s:10:\"04-10-2026\";i:2;s:10:\"04-13-2026\";i:1;s:10:\"04-15-2026\";i:2;s:10:\"04-16-2026\";i:1;s:10:\"04-17-2026\";i:4;s:10:\"04-22-2026\";i:1;s:10:\"04-23-2026\";i:2;s:10:\"04-24-2026\";i:2;s:10:\"04-25-2026\";i:1;s:10:\"04-27-2026\";i:2;s:10:\"04-28-2026\";i:1;}"],"houzez_recently_viewed":["2026-04-28 12:11:00"],"_edit_lock":["1776961492:3"],"_edit_last":["3"],"_yoast_wpseo_focuskw":["Apartamento Torre Lugano Benidorm"],"_yoast_wpseo_metadesc":["Apartamento Torre Lugano Benidorm 27\u00aa planta con impresionantes y panor\u00e1micas vistas sobre todo Benidorm, las monta\u00f1as y el mar."],"_yoast_wpseo_linkdex":["78"],"_last_translation_edit_mode":["native-editor"],"_monsterinsights_sitenote_active":["0"],"_thumbnail_id":["94016"],"fave_property_images":["93938","93968","93950","93932","93935","93941","93944","93947","93953","93956","93959","93962","93965","93971","93974","93977","93980","93983","93986","93989","93992","93995","93998","94001","94004","94007","94178","94175","94181","94184","94187","94190","94193","94196","94199","94202","94205","94208"],"fave_featured":["0"]},"yoast_head":"<!-- This site is optimized with the Yoast SEO plugin v18.6 - https:\/\/yoast.com\/wordpress\/plugins\/seo\/ -->\n<title>Apartamento Torre Lugano Benidorm - Inmo Sol y Casas<\/title>\n<meta name=\"description\" content=\"Apartamento Torre Lugano Benidorm 27\u00aa planta con impresionantes y panor\u00e1micas vistas sobre todo Benidorm, las monta\u00f1as y el mar.\" \/>\n<meta name=\"robots\" content=\"index, follow, max-snippet:-1, max-image-preview:large, max-video-preview:-1\" \/>\n<link rel=\"canonical\" href=\"https:\/\/inmosolycasas.com\/es\/property\/apartamento-torre-lugano-benidorm\/\" \/>\n<meta property=\"og:locale\" content=\"es_ES\" \/>\n<meta property=\"og:type\" content=\"article\" \/>\n<meta property=\"og:title\" content=\"Apartamento Torre Lugano Benidorm - Inmo Sol y Casas\" \/>\n<meta property=\"og:description\" content=\"Apartamento Torre Lugano Benidorm 27\u00aa planta con impresionantes y panor\u00e1micas vistas sobre todo Benidorm, las monta\u00f1as y el mar.\" \/>\n<meta property=\"og:url\" content=\"https:\/\/inmosolycasas.com\/es\/property\/apartamento-torre-lugano-benidorm\/\" \/>\n<meta property=\"og:site_name\" content=\"Inmo Sol y Casas\" \/>\n<meta property=\"article:modified_time\" content=\"2026-04-23T16:27:06+00:00\" \/>\n<meta property=\"og:image\" content=\"https:\/\/inmosolycasas.com\/wp-content\/uploads\/2023\/03\/5F4D8B04-0B71-401D-9AE3-9DEF6C7E684C-1.jpeg\" \/>\n\t<meta property=\"og:image:width\" content=\"1107\" \/>\n\t<meta property=\"og:image:height\" content=\"738\" \/>\n\t<meta property=\"og:image:type\" content=\"image\/jpeg\" \/>\n<meta name=\"twitter:card\" content=\"summary_large_image\" \/>\n<meta name=\"twitter:label1\" content=\"Tiempo de lectura\" \/>\n\t<meta name=\"twitter:data1\" content=\"3 minutos\" \/>\n<script type=\"application\/ld+json\" class=\"yoast-schema-graph\">{\"@context\":\"https:\/\/schema.org\",\"@graph\":[{\"@type\":\"Organization\",\"@id\":\"https:\/\/inmosolycasas.com\/#organization\",\"name\":\"Casa Galera\",\"url\":\"https:\/\/inmosolycasas.com\/\",\"sameAs\":[],\"logo\":{\"@type\":\"ImageObject\",\"@id\":\"https:\/\/inmosolycasas.com\/#logo\",\"inLanguage\":\"es\",\"url\":\"https:\/\/inmosolycasas.com\/wp-content\/uploads\/2021\/04\/logo.png\",\"contentUrl\":\"https:\/\/inmosolycasas.com\/wp-content\/uploads\/2021\/04\/logo.png\",\"width\":250,\"height\":83,\"caption\":\"Casa Galera\"},\"image\":{\"@id\":\"https:\/\/inmosolycasas.com\/#logo\"}},{\"@type\":\"WebSite\",\"@id\":\"https:\/\/inmosolycasas.com\/#website\",\"url\":\"https:\/\/inmosolycasas.com\/\",\"name\":\"Inmo Sol y Casas\",\"description\":\"\",\"publisher\":{\"@id\":\"https:\/\/inmosolycasas.com\/#organization\"},\"potentialAction\":[{\"@type\":\"SearchAction\",\"target\":{\"@type\":\"EntryPoint\",\"urlTemplate\":\"https:\/\/inmosolycasas.com\/?s={search_term_string}\"},\"query-input\":\"required name=search_term_string\"}],\"inLanguage\":\"es\"},{\"@type\":\"ImageObject\",\"@id\":\"https:\/\/inmosolycasas.com\/es\/property\/apartamento-torre-lugano-benidorm\/#primaryimage\",\"inLanguage\":\"es\",\"url\":\"https:\/\/inmosolycasas.com\/wp-content\/uploads\/2023\/03\/5F4D8B04-0B71-401D-9AE3-9DEF6C7E684C-1.jpeg\",\"contentUrl\":\"https:\/\/inmosolycasas.com\/wp-content\/uploads\/2023\/03\/5F4D8B04-0B71-401D-9AE3-9DEF6C7E684C-1.jpeg\",\"width\":1107,\"height\":738,\"caption\":\"Appartement Torre Lugano Benidorm\"},{\"@type\":\"WebPage\",\"@id\":\"https:\/\/inmosolycasas.com\/es\/property\/apartamento-torre-lugano-benidorm\/#webpage\",\"url\":\"https:\/\/inmosolycasas.com\/es\/property\/apartamento-torre-lugano-benidorm\/\",\"name\":\"Apartamento Torre Lugano Benidorm - Inmo Sol y Casas\",\"isPartOf\":{\"@id\":\"https:\/\/inmosolycasas.com\/#website\"},\"primaryImageOfPage\":{\"@id\":\"https:\/\/inmosolycasas.com\/es\/property\/apartamento-torre-lugano-benidorm\/#primaryimage\"},\"datePublished\":\"2023-03-09T17:46:49+00:00\",\"dateModified\":\"2026-04-23T16:27:06+00:00\",\"description\":\"Apartamento Torre Lugano Benidorm 27\u00aa planta con impresionantes y panor\u00e1micas vistas sobre todo Benidorm, las monta\u00f1as y el mar.\",\"breadcrumb\":{\"@id\":\"https:\/\/inmosolycasas.com\/es\/property\/apartamento-torre-lugano-benidorm\/#breadcrumb\"},\"inLanguage\":\"es\",\"potentialAction\":[{\"@type\":\"ReadAction\",\"target\":[\"https:\/\/inmosolycasas.com\/es\/property\/apartamento-torre-lugano-benidorm\/\"]}]},{\"@type\":\"BreadcrumbList\",\"@id\":\"https:\/\/inmosolycasas.com\/es\/property\/apartamento-torre-lugano-benidorm\/#breadcrumb\",\"itemListElement\":[{\"@type\":\"ListItem\",\"position\":1,\"name\":\"Home\",\"item\":\"https:\/\/inmosolycasas.com\/es\/\"},{\"@type\":\"ListItem\",\"position\":2,\"name\":\"eigenschappen\",\"item\":\"https:\/\/inmosolycasas.com\/property\/\"},{\"@type\":\"ListItem\",\"position\":3,\"name\":\"Apartamento Torre Lugano Benidorm\"}]}]}<\/script>\n<!-- \/ Yoast SEO plugin. -->","yoast_head_json":{"title":"Apartamento Torre Lugano Benidorm - Inmo Sol y Casas","description":"Apartamento Torre Lugano Benidorm 27\u00aa planta con impresionantes y panor\u00e1micas vistas sobre todo Benidorm, las monta\u00f1as y el mar.","robots":{"index":"index","follow":"follow","max-snippet":"max-snippet:-1","max-image-preview":"max-image-preview:large","max-video-preview":"max-video-preview:-1"},"canonical":"https:\/\/inmosolycasas.com\/es\/property\/apartamento-torre-lugano-benidorm\/","og_locale":"es_ES","og_type":"article","og_title":"Apartamento Torre Lugano Benidorm - Inmo Sol y Casas","og_description":"Apartamento Torre Lugano Benidorm 27\u00aa planta con impresionantes y panor\u00e1micas vistas sobre todo Benidorm, las monta\u00f1as y el mar.","og_url":"https:\/\/inmosolycasas.com\/es\/property\/apartamento-torre-lugano-benidorm\/","og_site_name":"Inmo Sol y Casas","article_modified_time":"2026-04-23T16:27:06+00:00","og_image":[{"width":1107,"height":738,"url":"https:\/\/inmosolycasas.com\/wp-content\/uploads\/2023\/03\/5F4D8B04-0B71-401D-9AE3-9DEF6C7E684C-1.jpeg","type":"image\/jpeg"}],"twitter_card":"summary_large_image","twitter_misc":{"Tiempo de lectura":"3 minutos"},"schema":{"@context":"https:\/\/schema.org","@graph":[{"@type":"Organization","@id":"https:\/\/inmosolycasas.com\/#organization","name":"Casa Galera","url":"https:\/\/inmosolycasas.com\/","sameAs":[],"logo":{"@type":"ImageObject","@id":"https:\/\/inmosolycasas.com\/#logo","inLanguage":"es","url":"https:\/\/inmosolycasas.com\/wp-content\/uploads\/2021\/04\/logo.png","contentUrl":"https:\/\/inmosolycasas.com\/wp-content\/uploads\/2021\/04\/logo.png","width":250,"height":83,"caption":"Casa Galera"},"image":{"@id":"https:\/\/inmosolycasas.com\/#logo"}},{"@type":"WebSite","@id":"https:\/\/inmosolycasas.com\/#website","url":"https:\/\/inmosolycasas.com\/","name":"Inmo Sol y Casas","description":"","publisher":{"@id":"https:\/\/inmosolycasas.com\/#organization"},"potentialAction":[{"@type":"SearchAction","target":{"@type":"EntryPoint","urlTemplate":"https:\/\/inmosolycasas.com\/?s={search_term_string}"},"query-input":"required name=search_term_string"}],"inLanguage":"es"},{"@type":"ImageObject","@id":"https:\/\/inmosolycasas.com\/es\/property\/apartamento-torre-lugano-benidorm\/#primaryimage","inLanguage":"es","url":"https:\/\/inmosolycasas.com\/wp-content\/uploads\/2023\/03\/5F4D8B04-0B71-401D-9AE3-9DEF6C7E684C-1.jpeg","contentUrl":"https:\/\/inmosolycasas.com\/wp-content\/uploads\/2023\/03\/5F4D8B04-0B71-401D-9AE3-9DEF6C7E684C-1.jpeg","width":1107,"height":738,"caption":"Appartement Torre Lugano Benidorm"},{"@type":"WebPage","@id":"https:\/\/inmosolycasas.com\/es\/property\/apartamento-torre-lugano-benidorm\/#webpage","url":"https:\/\/inmosolycasas.com\/es\/property\/apartamento-torre-lugano-benidorm\/","name":"Apartamento Torre Lugano Benidorm - Inmo Sol y Casas","isPartOf":{"@id":"https:\/\/inmosolycasas.com\/#website"},"primaryImageOfPage":{"@id":"https:\/\/inmosolycasas.com\/es\/property\/apartamento-torre-lugano-benidorm\/#primaryimage"},"datePublished":"2023-03-09T17:46:49+00:00","dateModified":"2026-04-23T16:27:06+00:00","description":"Apartamento Torre Lugano Benidorm 27\u00aa planta con impresionantes y panor\u00e1micas vistas sobre todo Benidorm, las monta\u00f1as y el mar.","breadcrumb":{"@id":"https:\/\/inmosolycasas.com\/es\/property\/apartamento-torre-lugano-benidorm\/#breadcrumb"},"inLanguage":"es","potentialAction":[{"@type":"ReadAction","target":["https:\/\/inmosolycasas.com\/es\/property\/apartamento-torre-lugano-benidorm\/"]}]},{"@type":"BreadcrumbList","@id":"https:\/\/inmosolycasas.com\/es\/property\/apartamento-torre-lugano-benidorm\/#breadcrumb","itemListElement":[{"@type":"ListItem","position":1,"name":"Home","item":"https:\/\/inmosolycasas.com\/es\/"},{"@type":"ListItem","position":2,"name":"eigenschappen","item":"https:\/\/inmosolycasas.com\/property\/"},{"@type":"ListItem","position":3,"name":"Apartamento Torre Lugano Benidorm"}]}]}},"_links":{"self":[{"href":"https:\/\/inmosolycasas.com\/es\/wp-json\/wp\/v2\/properties\/94021"}],"collection":[{"href":"https:\/\/inmosolycasas.com\/es\/wp-json\/wp\/v2\/properties"}],"about":[{"href":"https:\/\/inmosolycasas.com\/es\/wp-json\/wp\/v2\/types\/property"}],"author":[{"embeddable":true,"href":"https:\/\/inmosolycasas.com\/es\/wp-json\/wp\/v2\/users\/3"}],"version-history":[{"count":8,"href":"https:\/\/inmosolycasas.com\/es\/wp-json\/wp\/v2\/properties\/94021\/revisions"}],"predecessor-version":[{"id":124027,"href":"https:\/\/inmosolycasas.com\/es\/wp-json\/wp\/v2\/properties\/94021\/revisions\/124027"}],"wp:featuredmedia":[{"embeddable":true,"href":"https:\/\/inmosolycasas.com\/es\/wp-json\/wp\/v2\/media\/94016"}],"wp:attachment":[{"href":"https:\/\/inmosolycasas.com\/es\/wp-json\/wp\/v2\/media?parent=94021"}],"wp:term":[{"taxonomy":"property_type","embeddable":true,"href":"https:\/\/inmosolycasas.com\/es\/wp-json\/wp\/v2\/property_type?post=94021"},{"taxonomy":"property_status","embeddable":true,"href":"https:\/\/inmosolycasas.com\/es\/wp-json\/wp\/v2\/property_status?post=94021"},{"taxonomy":"property_feature","embeddable":true,"href":"https:\/\/inmosolycasas.com\/es\/wp-json\/wp\/v2\/property_feature?post=94021"},{"taxonomy":"property_label","embeddable":true,"href":"https:\/\/inmosolycasas.com\/es\/wp-json\/wp\/v2\/property_label?post=94021"},{"taxonomy":"property_state","embeddable":true,"href":"https:\/\/inmosolycasas.com\/es\/wp-json\/wp\/v2\/property_state?post=94021"},{"taxonomy":"property_city","embeddable":true,"href":"https:\/\/inmosolycasas.com\/es\/wp-json\/wp\/v2\/property_city?post=94021"},{"taxonomy":"property_area","embeddable":true,"href":"https:\/\/inmosolycasas.com\/es\/wp-json\/wp\/v2\/property_area?post=94021"}],"curies":[{"name":"wp","href":"https:\/\/api.w.org\/{rel}","templated":true}]}}